{"id":4378,"date":"2025-07-10T23:35:40","date_gmt":"2025-07-10T21:35:40","guid":{"rendered":"https:\/\/monteroaramburu-stg.servidortemporal.net\/persona\/agustin-leron-gonzalez\/"},"modified":"2025-10-24T11:53:24","modified_gmt":"2025-10-24T09:53:24","slug":"agustin-leon-gonzalez","status":"publish","type":"persona","link":"https:\/\/www.monteroaramburugva.com\/en\/persona\/agustin-leon-gonzalez\/","title":{"rendered":"Agust\u00edn Le\u00f3n Gonz\u00e1lez"},"content":{"rendered":"\r\r<div id=\"CustomizableBox-block_8d0ed00f9ddd7378d6835c497a069ef7\" class=\"CustomizableBox  fondo_1\" style='background: \r        linear-gradient(270deg, #D5D5D3 0%, #FFF 100%), \r        linear-gradient(0deg, rgba(213, 213, 211, 0.65) 0%, rgba(213, 213, 211, 0.65) 100%), \r        linear-gradient(0deg, #FFF 0%, #FFF 100%), \r        linear-gradient(0deg, #D5D5D3 0%, #D5D5D3 100%), \r        url(\"https:\/\/www.monteroaramburugva.com\/wp-content\/themes\/montero_aramburu\/assets\/images\/background-22\/fondo_1.webp\")\r        lightgray 50% \/ cover no-repeat;\r        background-blend-mode: soft-light, normal, soft-light, color, normal;\r        background-repeat: no-repeat;\r        background-size: cover;'>\r    <div class=\"container\">\r        <div class=\"row\">\r            <div class=\"col-12\">\r                <div class=\"topColumn texto_plano\">\r                    <div class=\"itemTitulo\"><\/div>\r                                    <\/div>\r                <div class=\"bottomColumn izquierda\">\r                                            <div class=\"itemImagen\" style=\"background-image: url(https:\/\/www.monteroaramburugva.com\/wp-content\/uploads\/2025\/03\/greeenn-speed-scaled.jpg)\"><\/div>\r                                        <div class=\"itemContent hasImage\">\r                                                    <div class=\"boxAcordeon texto_plano\">\r                                                                                                            <div class=\"itemAcordeon tabPlana single\">\r                                            <div class=\"texts\">\r                                                                                                <div class=\"itemTexto\"><p><strong>HIGHER ACADEMIC QUALIFICATIONS<\/strong><\/p>\n<p>Law Degree. University of Seville (1999).<\/p>\n<p>Master&#8217;s Degree in Territorial and Urban Planning Policy. Carlos III University (2001)<\/p>\n<p>Member no. 10651 of the Seville Bar Association.<\/p>\n<p><strong>CURRENT PROFESSIONAL EXPERIENCE<\/strong><\/p>\n<p>Local Andalusian area (especially with the Seville City Council and dependent bodies) as well as with the Administration of the Andalusian Regional Government.<\/p>\n<p>Urban planning, real estate and construction law.<\/p>\n<p>Administrative sanctioning procedures, reimbursement of subsidies, in particular, competition law and state aids, asset liability of public administrations.<\/p>\n<p>Public Procurement, Public Administration, Public Sector<\/p>\n<p>Competition law and state aid<\/p>\n<p>Legal audits<\/p>\n<p>Legal direction in judicial proceedings in the contentious-administrative order<\/p>\n<p><strong>TEACHING EXPERIENCE<\/strong><\/p>\n<p>He has participated as a speaker at legal conferences on various subjects, such as the recent Modification of the Municipal Ordinance on Works and Activities in Seville (<em>Confederaci\u00f3n de Empresarios de Sevilla \u2013 CES<\/em>), Public Sector Contracts (Seville Bar Association, Seville Provincial Council, <em>Instituto de Estudios Cajasol<\/em>), Common Administrative Procedure (Association of Lawyers of the Andalusian Regional Government and Seville Bar Association).<\/p>\n<p>He has taught at various academic institutions: at the <em>Universidad Loyola Andaluc\u00eda<\/em>, as a lecturer in the Master&#8217;s Degree in Law, as well as at the <em>Universidad Pablo de Olavide<\/em>, as a collaborator in the Master&#8217;s Degree in Law, or in specialised legal courses developed by the <em>Instituto de Pr\u00e1ctica Empresarial-IPE<\/em>.<\/p>\n<p>He is a regular speaker at conferences and courses related to Town Planning, Public Subsidies, Public Sector Contracts and Local Law<strong>. <\/strong><\/p>\n<p><strong>PUBLICATIONS<\/strong><\/p>\n<p>Co-author of the book \u201c<em>Comentarios a la Ley de Gesti\u00f3n Integrada de la Calidad Ambiental de Andaluc\u00eda\u201d<\/em> (2008), Editorial Thomson Aranzadi.<\/p>\n<p>Co-author of \u201c<em>Tratado de Contratos del Sector P\u00fablico\u201d<\/em> (2018), Editorial Tirant Lo Blanch.<\/p>\n<p>\u201cDa\u00f1os Morales: Una visi\u00f3n Multidisciplinar\u201d. Economist &amp; Jurist. April 2011.<\/p>\n<p>\u201c<em>Los Convenios Urban\u00edsticos de Planeamiento tras la Ley 13\/2005<\/em>\u201d. <em>Revista Construcci\u00f3n Andaluc\u00eda <\/em>No. 29 Sept-Oct. 2006.<\/p>\n<p>\u201cLa sustituci\u00f3n en met\u00e1lico del 10% del aprovechamiento\u201d. <em>Revista Construcci\u00f3n Andaluc\u00eda<\/em> No. 35 Sept-Oct. 2007.<\/p>\n<p>Author of various doctrinal articles on matters related to Public Law and, especially, Urban Development Law.<\/p>\n<\/div>\r                                            <\/div>\r                                                                                                                                <\/div>\r                                                                                                <\/div>\r                                                                    <\/div>\r                <\/div>\r            <\/div>\r        <\/div>\r    <\/div>\r<\/div>\n\n\n<p><\/p>\n","protected":false},"featured_media":4293,"template":"","meta":{"_acf_changed":true},"cargo":[159,128,163],"class_list":["post-4378","persona","type-persona","status-publish","has-post-thumbnail","hentry","cargo-shareholder","cargo-partner","cargo-partner-en"],"acf":[],"yoast_head":"<!-- This site is optimized with the Yoast SEO plugin v27.4 - https:\/\/yoast.com\/product\/yoast-seo-wordpress\/ -->\n<title>Agust\u00edn Le\u00f3n Gonz\u00e1lez - Montero Aramburu &amp; GVA<\/title>\n<meta name=\"robots\" content=\"index, follow, max-snippet:-1, max-image-preview:large, max-video-preview:-1\" \/>\n<link rel=\"canonical\" href=\"https:\/\/www.monteroaramburugva.com\/en\/persona\/agustin-leon-gonzalez\/\" \/>\n<meta property=\"og:locale\" content=\"en_US\" \/>\n<meta property=\"og:type\" content=\"article\" \/>\n<meta property=\"og:title\" content=\"Agust\u00edn Le\u00f3n Gonz\u00e1lez - Montero Aramburu &amp; GVA\" \/>\n<meta property=\"og:url\" content=\"https:\/\/www.monteroaramburugva.com\/en\/persona\/agustin-leon-gonzalez\/\" \/>\n<meta property=\"og:site_name\" content=\"Montero Aramburu &amp; GVA\" \/>\n<meta property=\"article:modified_time\" content=\"2025-10-24T09:53:24+00:00\" \/>\n<meta property=\"og:image\" content=\"https:\/\/www.monteroaramburugva.com\/wp-content\/uploads\/2025\/07\/Agustin-Leon-2.jpg\" \/>\n\t<meta property=\"og:image:width\" content=\"494\" \/>\n\t<meta property=\"og:image:height\" content=\"262\" \/>\n\t<meta property=\"og:image:type\" content=\"image\/jpeg\" \/>\n<meta name=\"twitter:card\" content=\"summary_large_image\" \/>\n<meta name=\"twitter:label1\" content=\"Est. reading time\" \/>\n\t<meta name=\"twitter:data1\" content=\"1 minute\" \/>\n<script type=\"application\/ld+json\" class=\"yoast-schema-graph\">{\"@context\":\"https:\\\/\\\/schema.org\",\"@graph\":[{\"@type\":\"WebPage\",\"@id\":\"https:\\\/\\\/www.monteroaramburugva.com\\\/en\\\/persona\\\/agustin-leon-gonzalez\\\/\",\"url\":\"https:\\\/\\\/www.monteroaramburugva.com\\\/en\\\/persona\\\/agustin-leon-gonzalez\\\/\",\"name\":\"Agust\u00edn Le\u00f3n Gonz\u00e1lez - Montero Aramburu &amp; GVA\",\"isPartOf\":{\"@id\":\"https:\\\/\\\/www.monteroaramburugva.com\\\/en\\\/#website\"},\"primaryImageOfPage\":{\"@id\":\"https:\\\/\\\/www.monteroaramburugva.com\\\/en\\\/persona\\\/agustin-leon-gonzalez\\\/#primaryimage\"},\"image\":{\"@id\":\"https:\\\/\\\/www.monteroaramburugva.com\\\/en\\\/persona\\\/agustin-leon-gonzalez\\\/#primaryimage\"},\"thumbnailUrl\":\"https:\\\/\\\/www.monteroaramburugva.com\\\/wp-content\\\/uploads\\\/2025\\\/07\\\/Agustin-Leon-2.jpg\",\"datePublished\":\"2025-07-10T21:35:40+00:00\",\"dateModified\":\"2025-10-24T09:53:24+00:00\",\"breadcrumb\":{\"@id\":\"https:\\\/\\\/www.monteroaramburugva.com\\\/en\\\/persona\\\/agustin-leon-gonzalez\\\/#breadcrumb\"},\"inLanguage\":\"en-US\",\"potentialAction\":[{\"@type\":\"ReadAction\",\"target\":[\"https:\\\/\\\/www.monteroaramburugva.com\\\/en\\\/persona\\\/agustin-leon-gonzalez\\\/\"]}]},{\"@type\":\"ImageObject\",\"inLanguage\":\"en-US\",\"@id\":\"https:\\\/\\\/www.monteroaramburugva.com\\\/en\\\/persona\\\/agustin-leon-gonzalez\\\/#primaryimage\",\"url\":\"https:\\\/\\\/www.monteroaramburugva.com\\\/wp-content\\\/uploads\\\/2025\\\/07\\\/Agustin-Leon-2.jpg\",\"contentUrl\":\"https:\\\/\\\/www.monteroaramburugva.com\\\/wp-content\\\/uploads\\\/2025\\\/07\\\/Agustin-Leon-2.jpg\",\"width\":494,\"height\":262},{\"@type\":\"BreadcrumbList\",\"@id\":\"https:\\\/\\\/www.monteroaramburugva.com\\\/en\\\/persona\\\/agustin-leon-gonzalez\\\/#breadcrumb\",\"itemListElement\":[{\"@type\":\"ListItem\",\"position\":1,\"name\":\"Portada\",\"item\":\"https:\\\/\\\/www.monteroaramburugva.com\\\/en\\\/\"},{\"@type\":\"ListItem\",\"position\":2,\"name\":\"Agust\u00edn Le\u00f3n Gonz\u00e1lez\"}]},{\"@type\":\"WebSite\",\"@id\":\"https:\\\/\\\/www.monteroaramburugva.com\\\/en\\\/#website\",\"url\":\"https:\\\/\\\/www.monteroaramburugva.com\\\/en\\\/\",\"name\":\"Montero Aramburu &amp; GVA\",\"description\":\"Montero Aramburu &amp; G\u00f3mez-Villares Atencia ofrece asesoramiento legal especializado en diferentes \u00e1reas del derecho empresarial y corporativo\",\"publisher\":{\"@id\":\"https:\\\/\\\/www.monteroaramburugva.com\\\/en\\\/#organization\"},\"potentialAction\":[{\"@type\":\"SearchAction\",\"target\":{\"@type\":\"EntryPoint\",\"urlTemplate\":\"https:\\\/\\\/www.monteroaramburugva.com\\\/en\\\/?s={search_term_string}\"},\"query-input\":{\"@type\":\"PropertyValueSpecification\",\"valueRequired\":true,\"valueName\":\"search_term_string\"}}],\"inLanguage\":\"en-US\"},{\"@type\":\"Organization\",\"@id\":\"https:\\\/\\\/www.monteroaramburugva.com\\\/en\\\/#organization\",\"name\":\"Montero Aramburu &amp; GVA\",\"url\":\"https:\\\/\\\/www.monteroaramburugva.com\\\/en\\\/\",\"logo\":{\"@type\":\"ImageObject\",\"inLanguage\":\"en-US\",\"@id\":\"https:\\\/\\\/www.monteroaramburugva.com\\\/en\\\/#\\\/schema\\\/logo\\\/image\\\/\",\"url\":\"https:\\\/\\\/www.monteroaramburugva.com\\\/wp-content\\\/uploads\\\/2025\\\/03\\\/Logo.svg\",\"contentUrl\":\"https:\\\/\\\/www.monteroaramburugva.com\\\/wp-content\\\/uploads\\\/2025\\\/03\\\/Logo.svg\",\"width\":155,\"height\":65,\"caption\":\"Montero Aramburu &amp; GVA\"},\"image\":{\"@id\":\"https:\\\/\\\/www.monteroaramburugva.com\\\/en\\\/#\\\/schema\\\/logo\\\/image\\\/\"}}]}<\/script>\n<!-- \/ Yoast SEO plugin. -->","yoast_head_json":{"title":"Agust\u00edn Le\u00f3n Gonz\u00e1lez - Montero Aramburu &amp; GVA","robots":{"index":"index","follow":"follow","max-snippet":"max-snippet:-1","max-image-preview":"max-image-preview:large","max-video-preview":"max-video-preview:-1"},"canonical":"https:\/\/www.monteroaramburugva.com\/en\/persona\/agustin-leon-gonzalez\/","og_locale":"en_US","og_type":"article","og_title":"Agust\u00edn Le\u00f3n Gonz\u00e1lez - Montero Aramburu &amp; GVA","og_url":"https:\/\/www.monteroaramburugva.com\/en\/persona\/agustin-leon-gonzalez\/","og_site_name":"Montero Aramburu &amp; GVA","article_modified_time":"2025-10-24T09:53:24+00:00","og_image":[{"width":494,"height":262,"url":"https:\/\/www.monteroaramburugva.com\/wp-content\/uploads\/2025\/07\/Agustin-Leon-2.jpg","type":"image\/jpeg"}],"twitter_card":"summary_large_image","twitter_misc":{"Est. reading time":"1 minute"},"schema":{"@context":"https:\/\/schema.org","@graph":[{"@type":"WebPage","@id":"https:\/\/www.monteroaramburugva.com\/en\/persona\/agustin-leon-gonzalez\/","url":"https:\/\/www.monteroaramburugva.com\/en\/persona\/agustin-leon-gonzalez\/","name":"Agust\u00edn Le\u00f3n Gonz\u00e1lez - Montero Aramburu &amp; GVA","isPartOf":{"@id":"https:\/\/www.monteroaramburugva.com\/en\/#website"},"primaryImageOfPage":{"@id":"https:\/\/www.monteroaramburugva.com\/en\/persona\/agustin-leon-gonzalez\/#primaryimage"},"image":{"@id":"https:\/\/www.monteroaramburugva.com\/en\/persona\/agustin-leon-gonzalez\/#primaryimage"},"thumbnailUrl":"https:\/\/www.monteroaramburugva.com\/wp-content\/uploads\/2025\/07\/Agustin-Leon-2.jpg","datePublished":"2025-07-10T21:35:40+00:00","dateModified":"2025-10-24T09:53:24+00:00","breadcrumb":{"@id":"https:\/\/www.monteroaramburugva.com\/en\/persona\/agustin-leon-gonzalez\/#breadcrumb"},"inLanguage":"en-US","potentialAction":[{"@type":"ReadAction","target":["https:\/\/www.monteroaramburugva.com\/en\/persona\/agustin-leon-gonzalez\/"]}]},{"@type":"ImageObject","inLanguage":"en-US","@id":"https:\/\/www.monteroaramburugva.com\/en\/persona\/agustin-leon-gonzalez\/#primaryimage","url":"https:\/\/www.monteroaramburugva.com\/wp-content\/uploads\/2025\/07\/Agustin-Leon-2.jpg","contentUrl":"https:\/\/www.monteroaramburugva.com\/wp-content\/uploads\/2025\/07\/Agustin-Leon-2.jpg","width":494,"height":262},{"@type":"BreadcrumbList","@id":"https:\/\/www.monteroaramburugva.com\/en\/persona\/agustin-leon-gonzalez\/#breadcrumb","itemListElement":[{"@type":"ListItem","position":1,"name":"Portada","item":"https:\/\/www.monteroaramburugva.com\/en\/"},{"@type":"ListItem","position":2,"name":"Agust\u00edn Le\u00f3n Gonz\u00e1lez"}]},{"@type":"WebSite","@id":"https:\/\/www.monteroaramburugva.com\/en\/#website","url":"https:\/\/www.monteroaramburugva.com\/en\/","name":"Montero Aramburu &amp; GVA","description":"Montero Aramburu &amp; G\u00f3mez-Villares Atencia ofrece asesoramiento legal especializado en diferentes \u00e1reas del derecho empresarial y corporativo","publisher":{"@id":"https:\/\/www.monteroaramburugva.com\/en\/#organization"},"potentialAction":[{"@type":"SearchAction","target":{"@type":"EntryPoint","urlTemplate":"https:\/\/www.monteroaramburugva.com\/en\/?s={search_term_string}"},"query-input":{"@type":"PropertyValueSpecification","valueRequired":true,"valueName":"search_term_string"}}],"inLanguage":"en-US"},{"@type":"Organization","@id":"https:\/\/www.monteroaramburugva.com\/en\/#organization","name":"Montero Aramburu &amp; GVA","url":"https:\/\/www.monteroaramburugva.com\/en\/","logo":{"@type":"ImageObject","inLanguage":"en-US","@id":"https:\/\/www.monteroaramburugva.com\/en\/#\/schema\/logo\/image\/","url":"https:\/\/www.monteroaramburugva.com\/wp-content\/uploads\/2025\/03\/Logo.svg","contentUrl":"https:\/\/www.monteroaramburugva.com\/wp-content\/uploads\/2025\/03\/Logo.svg","width":155,"height":65,"caption":"Montero Aramburu &amp; GVA"},"image":{"@id":"https:\/\/www.monteroaramburugva.com\/en\/#\/schema\/logo\/image\/"}}]}},"_links":{"self":[{"href":"https:\/\/www.monteroaramburugva.com\/en\/wp-json\/wp\/v2\/persona\/4378","targetHints":{"allow":["GET"]}}],"collection":[{"href":"https:\/\/www.monteroaramburugva.com\/en\/wp-json\/wp\/v2\/persona"}],"about":[{"href":"https:\/\/www.monteroaramburugva.com\/en\/wp-json\/wp\/v2\/types\/persona"}],"wp:featuredmedia":[{"embeddable":true,"href":"https:\/\/www.monteroaramburugva.com\/en\/wp-json\/wp\/v2\/media\/4293"}],"wp:attachment":[{"href":"https:\/\/www.monteroaramburugva.com\/en\/wp-json\/wp\/v2\/media?parent=4378"}],"wp:term":[{"taxonomy":"cargo","embeddable":true,"href":"https:\/\/www.monteroaramburugva.com\/en\/wp-json\/wp\/v2\/cargo?post=4378"}],"curies":[{"name":"wp","href":"https:\/\/api.w.org\/{rel}","templated":true}]}}