{"id":2918,"date":"2025-06-26T14:35:31","date_gmt":"2025-06-26T12:35:31","guid":{"rendered":"https:\/\/monteroaramburu-stg.servidortemporal.net\/persona\/jose-blanco-arostegui-2\/"},"modified":"2026-03-02T12:00:32","modified_gmt":"2026-03-02T11:00:32","slug":"jose-blanco-arostegui","status":"publish","type":"persona","link":"https:\/\/www.monteroaramburugva.com\/en\/persona\/jose-blanco-arostegui\/","title":{"rendered":"Jos\u00e9 Blanco Ar\u00f3stegui"},"content":{"rendered":"\r\r<div id=\"CustomizableBox-block_f6f41cebc3b299e036f392c20c7ce207\" class=\"CustomizableBox  fondo_1\" style='background: \r        linear-gradient(270deg, #D5D5D3 0%, #FFF 100%), \r        linear-gradient(0deg, rgba(213, 213, 211, 0.65) 0%, rgba(213, 213, 211, 0.65) 100%), \r        linear-gradient(0deg, #FFF 0%, #FFF 100%), \r        linear-gradient(0deg, #D5D5D3 0%, #D5D5D3 100%), \r        url(\"https:\/\/www.monteroaramburugva.com\/wp-content\/themes\/montero_aramburu\/assets\/images\/background-22\/fondo_1.webp\")\r        lightgray 50% \/ cover no-repeat;\r        background-blend-mode: soft-light, normal, soft-light, color, normal;\r        background-repeat: no-repeat;\r        background-size: cover;'>\r    <div class=\"container\">\r        <div class=\"row\">\r            <div class=\"col-12\">\r                <div class=\"topColumn texto_plano\">\r                    <div class=\"itemTitulo\"><\/div>\r                                    <\/div>\r                <div class=\"bottomColumn izquierda\">\r                                            <div class=\"itemImagen\" style=\"background-image: url(https:\/\/www.monteroaramburugva.com\/wp-content\/uploads\/2025\/03\/greeenn-speed-scaled.jpg)\"><\/div>\r                                        <div class=\"itemContent hasImage\">\r                                                    <div class=\"boxAcordeon texto_plano\">\r                                                                                                            <div class=\"itemAcordeon tabPlana single\">\r                                            <div class=\"texts\">\r                                                                                                <div class=\"itemTexto\"><p><strong>HIGHER ACADEMIC QUALIFICATIONS<\/strong><\/p>\n<p>Law Degree. Complutense University of Madrid, CEU San Pablo. Specialised in Business Law (1996).<\/p>\n<p>Master&#8217;s Degree in Law (Speciality in Private Law). Institute of Higher Studies of the San Pablo CEU University \u00a0(1997).<\/p>\n<p>Member no. 63660 of the Madrid Bar Association.<\/p>\n<p><strong>CURRENT PROFESSIONAL EXPERIENCE<\/strong><\/p>\n<p>Skilled in corporate law, corporate governance, and M&amp;A.<\/p>\n<p>Expert in capital markets, in particular IPOs, offerings of shares, bonds and hybrid instruments, and takeover bids.<\/p>\n<p>Listed in Chambers &amp; Partners Europe (2013), The Legal 500 EMEA (2014), Best Lawyers (2018) and Leaders League (2021).<\/p>\n<p><strong>TEACHING EXPERIENCE<\/strong><\/p>\n<p>Lecturer in capital markets on the Master&#8217;s Degree in International Law at the International Centre for Financial Education (CIFF), 2006.<\/p>\n<p><strong>PUBLICATIONS<\/strong><\/p>\n<p>\u201cUna d\u00e9cada de la \u00faltima gran reforma del r\u00e9gimen de emisi\u00f3n de obligaciones: an\u00e1lisis breve sobre tendencias en la ley aplicable, en los mercados de negociaci\u00f3n y en la figura del comisario\u201d. Derecho de Sociedades y del Mercado de Valores 2026, &#8220;Tirant Lo Blanch&#8221;, february 2026.<\/p>\n<p>&#8220;Espa\u00f1a sigue en el foco de los grandes inversores\u201d Cinco D\u00edas, october 2020.<\/p>\n<p>&#8220;<em>Green bond issues on the increase&#8221;<\/em>, Iberian Lawyer, october 2017.<\/p>\n<p>&#8220;El pacto parasocial suscrito con ocasi\u00f3n de la salida a Bolsa de Talgo S.A.&#8221; 2016 Pr\u00e1ctica de Mercantil para Abogados, &#8220;La Ley&#8221;, june 2016.<\/p>\n<p>&#8220;El Mercado Alternativo de Renta Fija, una buena iniciativa&#8221;, Expansi\u00f3n, november 2012.<\/p>\n<p>&#8220;Nuevos horizontes para ampliar la eficacia del MAB&#8221;, Expansi\u00f3n, may 2012.<\/p>\n<p>&#8220;El <em>soft law<\/em> de la CNMV en el \u00e1mbito de las emisiones de renta fija destinadas a inversores minoristas y de las colocaciones aceleradas de acciones&#8221;, Revista de Derecho del Mercado de Valores, &#8220;La Ley&#8221;, february 2011.<\/p>\n<p>&#8220;La exclusi\u00f3n del derecho de suscripci\u00f3n preferente en las salidas a bolsa con previa oferta p\u00fablica de suscripci\u00f3n&#8221;, Revista de Derecho del Mercado de Valores, &#8220;La Ley&#8221;, june 2008.<\/p>\n<\/div>\r                                            <\/div>\r                                                                                                                                <\/div>\r                                                                                                <\/div>\r                                                                    <\/div>\r                <\/div>\r            <\/div>\r        <\/div>\r    <\/div>\r<\/div>","protected":false},"featured_media":2919,"template":"","meta":{"_acf_changed":true},"cargo":[160,128,163],"class_list":["post-2918","persona","type-persona","status-publish","has-post-thumbnail","hentry","cargo-professional-partner","cargo-partner","cargo-partner-en"],"acf":[],"yoast_head":"<!-- This site is optimized with the Yoast SEO plugin v27.4 - https:\/\/yoast.com\/product\/yoast-seo-wordpress\/ -->\n<title>Jos\u00e9 Blanco Ar\u00f3stegui - Montero Aramburu &amp; GVA<\/title>\n<meta name=\"robots\" content=\"index, follow, max-snippet:-1, max-image-preview:large, max-video-preview:-1\" \/>\n<link rel=\"canonical\" href=\"https:\/\/www.monteroaramburugva.com\/en\/persona\/jose-blanco-arostegui\/\" \/>\n<meta property=\"og:locale\" content=\"en_US\" \/>\n<meta property=\"og:type\" content=\"article\" \/>\n<meta property=\"og:title\" content=\"Jos\u00e9 Blanco Ar\u00f3stegui - Montero Aramburu &amp; GVA\" \/>\n<meta property=\"og:url\" content=\"https:\/\/www.monteroaramburugva.com\/en\/persona\/jose-blanco-arostegui\/\" \/>\n<meta property=\"og:site_name\" content=\"Montero Aramburu &amp; GVA\" \/>\n<meta property=\"article:modified_time\" content=\"2026-03-02T11:00:32+00:00\" \/>\n<meta property=\"og:image\" content=\"https:\/\/www.monteroaramburugva.com\/wp-content\/uploads\/2025\/06\/Jose-Blanco-web-1.jpg\" \/>\n\t<meta property=\"og:image:width\" content=\"494\" \/>\n\t<meta property=\"og:image:height\" content=\"262\" \/>\n\t<meta property=\"og:image:type\" content=\"image\/jpeg\" \/>\n<meta name=\"twitter:card\" content=\"summary_large_image\" \/>\n<meta name=\"twitter:label1\" content=\"Est. reading time\" \/>\n\t<meta name=\"twitter:data1\" content=\"1 minute\" \/>\n<script type=\"application\/ld+json\" class=\"yoast-schema-graph\">{\"@context\":\"https:\\\/\\\/schema.org\",\"@graph\":[{\"@type\":\"WebPage\",\"@id\":\"https:\\\/\\\/www.monteroaramburugva.com\\\/en\\\/persona\\\/jose-blanco-arostegui\\\/\",\"url\":\"https:\\\/\\\/www.monteroaramburugva.com\\\/en\\\/persona\\\/jose-blanco-arostegui\\\/\",\"name\":\"Jos\u00e9 Blanco Ar\u00f3stegui - Montero Aramburu &amp; GVA\",\"isPartOf\":{\"@id\":\"https:\\\/\\\/www.monteroaramburugva.com\\\/en\\\/#website\"},\"primaryImageOfPage\":{\"@id\":\"https:\\\/\\\/www.monteroaramburugva.com\\\/en\\\/persona\\\/jose-blanco-arostegui\\\/#primaryimage\"},\"image\":{\"@id\":\"https:\\\/\\\/www.monteroaramburugva.com\\\/en\\\/persona\\\/jose-blanco-arostegui\\\/#primaryimage\"},\"thumbnailUrl\":\"https:\\\/\\\/www.monteroaramburugva.com\\\/wp-content\\\/uploads\\\/2025\\\/06\\\/Jose-Blanco-web-1.jpg\",\"datePublished\":\"2025-06-26T12:35:31+00:00\",\"dateModified\":\"2026-03-02T11:00:32+00:00\",\"breadcrumb\":{\"@id\":\"https:\\\/\\\/www.monteroaramburugva.com\\\/en\\\/persona\\\/jose-blanco-arostegui\\\/#breadcrumb\"},\"inLanguage\":\"en-US\",\"potentialAction\":[{\"@type\":\"ReadAction\",\"target\":[\"https:\\\/\\\/www.monteroaramburugva.com\\\/en\\\/persona\\\/jose-blanco-arostegui\\\/\"]}]},{\"@type\":\"ImageObject\",\"inLanguage\":\"en-US\",\"@id\":\"https:\\\/\\\/www.monteroaramburugva.com\\\/en\\\/persona\\\/jose-blanco-arostegui\\\/#primaryimage\",\"url\":\"https:\\\/\\\/www.monteroaramburugva.com\\\/wp-content\\\/uploads\\\/2025\\\/06\\\/Jose-Blanco-web-1.jpg\",\"contentUrl\":\"https:\\\/\\\/www.monteroaramburugva.com\\\/wp-content\\\/uploads\\\/2025\\\/06\\\/Jose-Blanco-web-1.jpg\",\"width\":494,\"height\":262},{\"@type\":\"BreadcrumbList\",\"@id\":\"https:\\\/\\\/www.monteroaramburugva.com\\\/en\\\/persona\\\/jose-blanco-arostegui\\\/#breadcrumb\",\"itemListElement\":[{\"@type\":\"ListItem\",\"position\":1,\"name\":\"Portada\",\"item\":\"https:\\\/\\\/www.monteroaramburugva.com\\\/en\\\/\"},{\"@type\":\"ListItem\",\"position\":2,\"name\":\"Jos\u00e9 Blanco Ar\u00f3stegui\"}]},{\"@type\":\"WebSite\",\"@id\":\"https:\\\/\\\/www.monteroaramburugva.com\\\/en\\\/#website\",\"url\":\"https:\\\/\\\/www.monteroaramburugva.com\\\/en\\\/\",\"name\":\"Montero Aramburu &amp; GVA\",\"description\":\"Montero Aramburu &amp; G\u00f3mez-Villares Atencia ofrece asesoramiento legal especializado en diferentes \u00e1reas del derecho empresarial y corporativo\",\"publisher\":{\"@id\":\"https:\\\/\\\/www.monteroaramburugva.com\\\/en\\\/#organization\"},\"potentialAction\":[{\"@type\":\"SearchAction\",\"target\":{\"@type\":\"EntryPoint\",\"urlTemplate\":\"https:\\\/\\\/www.monteroaramburugva.com\\\/en\\\/?s={search_term_string}\"},\"query-input\":{\"@type\":\"PropertyValueSpecification\",\"valueRequired\":true,\"valueName\":\"search_term_string\"}}],\"inLanguage\":\"en-US\"},{\"@type\":\"Organization\",\"@id\":\"https:\\\/\\\/www.monteroaramburugva.com\\\/en\\\/#organization\",\"name\":\"Montero Aramburu &amp; GVA\",\"url\":\"https:\\\/\\\/www.monteroaramburugva.com\\\/en\\\/\",\"logo\":{\"@type\":\"ImageObject\",\"inLanguage\":\"en-US\",\"@id\":\"https:\\\/\\\/www.monteroaramburugva.com\\\/en\\\/#\\\/schema\\\/logo\\\/image\\\/\",\"url\":\"https:\\\/\\\/www.monteroaramburugva.com\\\/wp-content\\\/uploads\\\/2025\\\/03\\\/Logo.svg\",\"contentUrl\":\"https:\\\/\\\/www.monteroaramburugva.com\\\/wp-content\\\/uploads\\\/2025\\\/03\\\/Logo.svg\",\"width\":155,\"height\":65,\"caption\":\"Montero Aramburu &amp; GVA\"},\"image\":{\"@id\":\"https:\\\/\\\/www.monteroaramburugva.com\\\/en\\\/#\\\/schema\\\/logo\\\/image\\\/\"}}]}<\/script>\n<!-- \/ Yoast SEO plugin. -->","yoast_head_json":{"title":"Jos\u00e9 Blanco Ar\u00f3stegui - Montero Aramburu &amp; GVA","robots":{"index":"index","follow":"follow","max-snippet":"max-snippet:-1","max-image-preview":"max-image-preview:large","max-video-preview":"max-video-preview:-1"},"canonical":"https:\/\/www.monteroaramburugva.com\/en\/persona\/jose-blanco-arostegui\/","og_locale":"en_US","og_type":"article","og_title":"Jos\u00e9 Blanco Ar\u00f3stegui - Montero Aramburu &amp; GVA","og_url":"https:\/\/www.monteroaramburugva.com\/en\/persona\/jose-blanco-arostegui\/","og_site_name":"Montero Aramburu &amp; GVA","article_modified_time":"2026-03-02T11:00:32+00:00","og_image":[{"width":494,"height":262,"url":"https:\/\/www.monteroaramburugva.com\/wp-content\/uploads\/2025\/06\/Jose-Blanco-web-1.jpg","type":"image\/jpeg"}],"twitter_card":"summary_large_image","twitter_misc":{"Est. reading time":"1 minute"},"schema":{"@context":"https:\/\/schema.org","@graph":[{"@type":"WebPage","@id":"https:\/\/www.monteroaramburugva.com\/en\/persona\/jose-blanco-arostegui\/","url":"https:\/\/www.monteroaramburugva.com\/en\/persona\/jose-blanco-arostegui\/","name":"Jos\u00e9 Blanco Ar\u00f3stegui - Montero Aramburu &amp; GVA","isPartOf":{"@id":"https:\/\/www.monteroaramburugva.com\/en\/#website"},"primaryImageOfPage":{"@id":"https:\/\/www.monteroaramburugva.com\/en\/persona\/jose-blanco-arostegui\/#primaryimage"},"image":{"@id":"https:\/\/www.monteroaramburugva.com\/en\/persona\/jose-blanco-arostegui\/#primaryimage"},"thumbnailUrl":"https:\/\/www.monteroaramburugva.com\/wp-content\/uploads\/2025\/06\/Jose-Blanco-web-1.jpg","datePublished":"2025-06-26T12:35:31+00:00","dateModified":"2026-03-02T11:00:32+00:00","breadcrumb":{"@id":"https:\/\/www.monteroaramburugva.com\/en\/persona\/jose-blanco-arostegui\/#breadcrumb"},"inLanguage":"en-US","potentialAction":[{"@type":"ReadAction","target":["https:\/\/www.monteroaramburugva.com\/en\/persona\/jose-blanco-arostegui\/"]}]},{"@type":"ImageObject","inLanguage":"en-US","@id":"https:\/\/www.monteroaramburugva.com\/en\/persona\/jose-blanco-arostegui\/#primaryimage","url":"https:\/\/www.monteroaramburugva.com\/wp-content\/uploads\/2025\/06\/Jose-Blanco-web-1.jpg","contentUrl":"https:\/\/www.monteroaramburugva.com\/wp-content\/uploads\/2025\/06\/Jose-Blanco-web-1.jpg","width":494,"height":262},{"@type":"BreadcrumbList","@id":"https:\/\/www.monteroaramburugva.com\/en\/persona\/jose-blanco-arostegui\/#breadcrumb","itemListElement":[{"@type":"ListItem","position":1,"name":"Portada","item":"https:\/\/www.monteroaramburugva.com\/en\/"},{"@type":"ListItem","position":2,"name":"Jos\u00e9 Blanco Ar\u00f3stegui"}]},{"@type":"WebSite","@id":"https:\/\/www.monteroaramburugva.com\/en\/#website","url":"https:\/\/www.monteroaramburugva.com\/en\/","name":"Montero Aramburu &amp; GVA","description":"Montero Aramburu &amp; G\u00f3mez-Villares Atencia ofrece asesoramiento legal especializado en diferentes \u00e1reas del derecho empresarial y corporativo","publisher":{"@id":"https:\/\/www.monteroaramburugva.com\/en\/#organization"},"potentialAction":[{"@type":"SearchAction","target":{"@type":"EntryPoint","urlTemplate":"https:\/\/www.monteroaramburugva.com\/en\/?s={search_term_string}"},"query-input":{"@type":"PropertyValueSpecification","valueRequired":true,"valueName":"search_term_string"}}],"inLanguage":"en-US"},{"@type":"Organization","@id":"https:\/\/www.monteroaramburugva.com\/en\/#organization","name":"Montero Aramburu &amp; GVA","url":"https:\/\/www.monteroaramburugva.com\/en\/","logo":{"@type":"ImageObject","inLanguage":"en-US","@id":"https:\/\/www.monteroaramburugva.com\/en\/#\/schema\/logo\/image\/","url":"https:\/\/www.monteroaramburugva.com\/wp-content\/uploads\/2025\/03\/Logo.svg","contentUrl":"https:\/\/www.monteroaramburugva.com\/wp-content\/uploads\/2025\/03\/Logo.svg","width":155,"height":65,"caption":"Montero Aramburu &amp; GVA"},"image":{"@id":"https:\/\/www.monteroaramburugva.com\/en\/#\/schema\/logo\/image\/"}}]}},"_links":{"self":[{"href":"https:\/\/www.monteroaramburugva.com\/en\/wp-json\/wp\/v2\/persona\/2918","targetHints":{"allow":["GET"]}}],"collection":[{"href":"https:\/\/www.monteroaramburugva.com\/en\/wp-json\/wp\/v2\/persona"}],"about":[{"href":"https:\/\/www.monteroaramburugva.com\/en\/wp-json\/wp\/v2\/types\/persona"}],"wp:featuredmedia":[{"embeddable":true,"href":"https:\/\/www.monteroaramburugva.com\/en\/wp-json\/wp\/v2\/media\/2919"}],"wp:attachment":[{"href":"https:\/\/www.monteroaramburugva.com\/en\/wp-json\/wp\/v2\/media?parent=2918"}],"wp:term":[{"taxonomy":"cargo","embeddable":true,"href":"https:\/\/www.monteroaramburugva.com\/en\/wp-json\/wp\/v2\/cargo?post=2918"}],"curies":[{"name":"wp","href":"https:\/\/api.w.org\/{rel}","templated":true}]}}