{"id":2638,"date":"2025-06-26T14:34:35","date_gmt":"2025-06-26T12:34:35","guid":{"rendered":"https:\/\/monteroaramburu-stg.servidortemporal.net\/persona\/alejandro-hernandez-del-castillo-2\/"},"modified":"2025-10-24T12:05:41","modified_gmt":"2025-10-24T10:05:41","slug":"alejandro-hernandez-del-castillo","status":"publish","type":"persona","link":"https:\/\/www.monteroaramburugva.com\/en\/persona\/alejandro-hernandez-del-castillo\/","title":{"rendered":"Alejandro Hern\u00e1ndez del Castillo"},"content":{"rendered":"\r\r<div id=\"CustomizableBox-block_131da8189c5ea8434ad6c7ecc9807eee\" class=\"CustomizableBox  fondo_5\" style='background: url(\"https:\/\/www.monteroaramburugva.com\/wp-content\/themes\/montero_aramburu\/assets\/images\/bg\/lines-right.png\"), #D5D5D380;'>\r    <div class=\"container\">\r        <div class=\"row\">\r            <div class=\"col-12\">\r                <div class=\"topColumn texto_plano\">\r                    <div class=\"itemTitulo\"><\/div>\r                                    <\/div>\r                <div class=\"bottomColumn izquierda\">\r                                            <div class=\"itemImagen\" style=\"background-image: url(https:\/\/www.monteroaramburugva.com\/wp-content\/uploads\/2025\/03\/greeenn-speed-scaled.jpg)\"><\/div>\r                                        <div class=\"itemContent hasImage\">\r                                                    <div class=\"boxAcordeon texto_plano\">\r                                                                                                            <div class=\"itemAcordeon tabPlana single\">\r                                            <div class=\"texts\">\r                                                                                                <div class=\"itemTexto\"><p><strong>HIGHER ACADEMIC QUALIFICATIONS<\/strong><\/p>\n<p>Law Degree. University of Granada (1984).<\/p>\n<p>Member no. 6829 of the M\u00e1laga Bar Association.<\/p>\n<p><strong>CURRENT PROFESSIONAL EXPERIENCE<\/strong><\/p>\n<p>Specialist in Administrative Law, with intensive practice in ports, coasts and water, and contentious- administrative law. Extensive experience in the legal management of judicial and arbitration proceedings on a wide range of contentious, civil, commercial and tax matters before national and international courts.<\/p>\n<p>Specialised advice on compulsory expropriation, public procurement, coastal and port concessions (logistics platforms and sports marinas), water and waste concessions.<\/p>\n<p>Secretary of the Board and legal adviser to numerous companies. Corresponding member of the Spanish Royal Academy of Jurisprudence and Legislation. Resident Academician in M\u00e1laga of the Royal Academy of Jurisprudence and Legislation of Granada. Arbitrator of the <em>Tribunal Arbitral de la Contrataci\u00f3n P\u00fablica<\/em> (TACOP). Arbitrator of the Construction Arbitration Committee. Member of the Board of Directors of the International Association of Port Law. Trustee of the <em>Fundaci\u00f3n Gin\u00e9s Serr\u00e1n<\/em>. Delegate in M\u00e1laga of the Franco-Spanish Chamber of Commerce and Industry (<em>La Chambre<\/em>). State Lawyer on leave of absence.<\/p>\n<p><strong>TEACHING EXPERIENCE<\/strong><\/p>\n<p>Associate Professor in the Department of Public Law at the University of M\u00e1laga.<\/p>\n<p>Lecturer in the Master&#8217;s Degree in Land Planning, Urban Planning and Environmental Law at the UMA. Lecturer on the Master&#8217;s Degree in Law at the UMA and the M\u00e1laga Bar Association.<\/p>\n<p>Regular speaker at conferences, courses and seminars organised by public and private entities.<\/p>\n<p><strong>PUBLICATIONS<\/strong><\/p>\n<p>Among his publications, he stands out as co-author of:<\/p>\n<p>&#8220;<em>Aproximaci\u00f3n a la Ley de R\u00e9gimen Jur\u00eddico de las Administraciones P\u00fablicas y del Procedimiento Administrativo Com\u00fan<\/em>&#8221; (Aranzadi, 1993).<\/p>\n<p>&#8220;<em>El Abogado del Estado en el sistema Portuario&#8221; (Puertos del Estado, 1999). &#8220;Derecho de la Contrataci\u00f3n P\u00fablica y Regulada<\/em>&#8221; (Thomson Civitas, 2004).<\/p>\n<p>&#8220;<em>Manual de responsabilidad p\u00fablica<\/em>&#8221; (Ministries of Economy and Finance and Justice, 2004 and 2010).<\/p>\n<p>&#8220;<em>Manual de Revisi\u00f3n de Actos en Materia Tributaria<\/em>&#8221; (Ministry of Justice and Editorial Aranzadi, 2006).<\/p>\n<p>&#8220;<em>Manual de Expropiaci\u00f3n Forzosa<\/em>&#8221; (Ministry of Justice, 2007).<\/p>\n<p>&#8220;<em>Manual Pr\u00e1ctico de la Ley de Contratos del Sector P\u00fablico<\/em>&#8221; (Fundaci\u00f3n Asesores Locales, 2009).<\/p>\n<p>&#8220;<em>Cuestiones actuales de la jurisdicci\u00f3n en Espa\u00f1a<\/em>&#8221; (Dykinson, S.L., 2010).<\/p>\n<p>&#8220;<em>El nuevo procedimiento administrativo <\/em>com\u00fan (Ley 39\/2015, de 1 de octubre&#8221;). Fundaci\u00f3n Democracia y Gobierno Local, 2016.<\/p>\n<p>\u201c<em>El caso de los diques flotantes: \u00bfbien mueble o inmueble? Su calificaci\u00f3n o no como buque. Importantes consecuencias<\/em>\u201d. Mercados Regulados 2021. Tirant Lo Blanch.<\/p>\n<p>\u201c<em>Transmisi\u00f3n de acciones y participaciones con prestaci\u00f3n accesoria\u201d. VII congreso nacional de derecho de sociedades<\/em>. UMA. 2024.<\/p>\n<p>\u201c<em>Anuario de Derecho Administrativo 2025\u201d: \u201cLas concesiones administrativas portuarias: pr\u00f3rroga versus nueva licitaci\u00f3n<\/em>\u201d. (Civitas, Aranzadi La Ley).<\/p>\n<p>Author of numerous legal articles published in specialised journals.<\/p>\n<p>\u201cManual de responsabilidad p\u00fablica\u201d (Ministerios de Econom\u00eda y Hacienda y Justicia, 2004 y 2010).<\/p>\n<p>\u201cManual de Revisi\u00f3n de Actos en Materia Tributaria\u201d (Ministerio de Justicia y Editorial Aranzadi, 2006).<\/p>\n<p>\u201cManual de Expropiaci\u00f3n Forzosa\u201d (Ministerio de Justicia, 2007).<\/p>\n<p>\u201cManual Pr\u00e1ctico de la Ley de Contratos del Sector P\u00fablico \u201c(Fundaci\u00f3n Asesores Locales, 2009).<\/p>\n<p>\u201cCuestiones actuales de la jurisdicci\u00f3n en Espa\u00f1a\u201d (Dykinson, S.L., 2010)<\/p>\n<p>\u201cEl nuevo procedimiento administrativo com\u00fan (Ley 39\/2015, de 1 de octubre\u201d). Fundaci\u00f3n Democracia y Gobierno local, 2016.<\/p>\n<p>\u201cEl caso de los diques flotantes: \u00bfbien mueble o inmueble? Su calificaci\u00f3n o no como buque. Importantes consecuencias\u201d. Mercados Regulados 2021. Tirant Lo Blanch.<\/p>\n<p>\u201cTransmisi\u00f3n de acciones y participaciones con prestaci\u00f3n accesoria\u201d. VII congreso nacional de derecho de sociedades. UMA. 2024.<\/p>\n<p>\u201cAnuario de Derecho Administrativo 2025\u201d: \u201cLas concesiones administrativas portuarias: pr\u00f3rroga <em>versus<\/em> nueva licitaci\u00f3n\u201d. (Civitas, Aranzadi La Ley).<\/p>\n<p>Autor de numerosos art\u00edculos jur\u00eddicos publicados en revistas especializadas.<\/p>\n<p>&nbsp;<\/p>\n<p>&nbsp;<\/p>\n<\/div>\r                                            <\/div>\r                                                                                                                                <\/div>\r                                                                                                <\/div>\r                                                                    <\/div>\r                <\/div>\r            <\/div>\r        <\/div>\r    <\/div>\r<\/div>","protected":false},"featured_media":2639,"template":"","meta":{"_acf_changed":true},"cargo":[160,128,163],"class_list":["post-2638","persona","type-persona","status-publish","has-post-thumbnail","hentry","cargo-professional-partner","cargo-partner","cargo-partner-en"],"acf":[],"yoast_head":"<!-- This site is optimized with the Yoast SEO plugin v27.4 - https:\/\/yoast.com\/product\/yoast-seo-wordpress\/ -->\n<title>Alejandro Hern\u00e1ndez del Castillo - Montero Aramburu &amp; GVA<\/title>\n<meta name=\"robots\" content=\"index, follow, max-snippet:-1, max-image-preview:large, max-video-preview:-1\" \/>\n<link rel=\"canonical\" href=\"https:\/\/www.monteroaramburugva.com\/en\/persona\/alejandro-hernandez-del-castillo\/\" \/>\n<meta property=\"og:locale\" content=\"en_US\" \/>\n<meta property=\"og:type\" content=\"article\" \/>\n<meta property=\"og:title\" content=\"Alejandro Hern\u00e1ndez del Castillo - Montero Aramburu &amp; GVA\" \/>\n<meta property=\"og:url\" content=\"https:\/\/www.monteroaramburugva.com\/en\/persona\/alejandro-hernandez-del-castillo\/\" \/>\n<meta property=\"og:site_name\" content=\"Montero Aramburu &amp; GVA\" \/>\n<meta property=\"article:modified_time\" content=\"2025-10-24T10:05:41+00:00\" \/>\n<meta property=\"og:image\" content=\"https:\/\/www.monteroaramburugva.com\/wp-content\/uploads\/2025\/06\/web_Alejandro-Hernandez-Del-Castillo-1.jpg\" \/>\n\t<meta property=\"og:image:width\" content=\"494\" \/>\n\t<meta property=\"og:image:height\" content=\"262\" \/>\n\t<meta property=\"og:image:type\" content=\"image\/jpeg\" \/>\n<meta name=\"twitter:card\" content=\"summary_large_image\" \/>\n<meta name=\"twitter:label1\" content=\"Est. reading time\" \/>\n\t<meta name=\"twitter:data1\" content=\"1 minute\" \/>\n<script type=\"application\/ld+json\" class=\"yoast-schema-graph\">{\"@context\":\"https:\\\/\\\/schema.org\",\"@graph\":[{\"@type\":\"WebPage\",\"@id\":\"https:\\\/\\\/www.monteroaramburugva.com\\\/en\\\/persona\\\/alejandro-hernandez-del-castillo\\\/\",\"url\":\"https:\\\/\\\/www.monteroaramburugva.com\\\/en\\\/persona\\\/alejandro-hernandez-del-castillo\\\/\",\"name\":\"Alejandro Hern\u00e1ndez del Castillo - Montero Aramburu &amp; GVA\",\"isPartOf\":{\"@id\":\"https:\\\/\\\/www.monteroaramburugva.com\\\/en\\\/#website\"},\"primaryImageOfPage\":{\"@id\":\"https:\\\/\\\/www.monteroaramburugva.com\\\/en\\\/persona\\\/alejandro-hernandez-del-castillo\\\/#primaryimage\"},\"image\":{\"@id\":\"https:\\\/\\\/www.monteroaramburugva.com\\\/en\\\/persona\\\/alejandro-hernandez-del-castillo\\\/#primaryimage\"},\"thumbnailUrl\":\"https:\\\/\\\/www.monteroaramburugva.com\\\/wp-content\\\/uploads\\\/2025\\\/06\\\/web_Alejandro-Hernandez-Del-Castillo-1.jpg\",\"datePublished\":\"2025-06-26T12:34:35+00:00\",\"dateModified\":\"2025-10-24T10:05:41+00:00\",\"breadcrumb\":{\"@id\":\"https:\\\/\\\/www.monteroaramburugva.com\\\/en\\\/persona\\\/alejandro-hernandez-del-castillo\\\/#breadcrumb\"},\"inLanguage\":\"en-US\",\"potentialAction\":[{\"@type\":\"ReadAction\",\"target\":[\"https:\\\/\\\/www.monteroaramburugva.com\\\/en\\\/persona\\\/alejandro-hernandez-del-castillo\\\/\"]}]},{\"@type\":\"ImageObject\",\"inLanguage\":\"en-US\",\"@id\":\"https:\\\/\\\/www.monteroaramburugva.com\\\/en\\\/persona\\\/alejandro-hernandez-del-castillo\\\/#primaryimage\",\"url\":\"https:\\\/\\\/www.monteroaramburugva.com\\\/wp-content\\\/uploads\\\/2025\\\/06\\\/web_Alejandro-Hernandez-Del-Castillo-1.jpg\",\"contentUrl\":\"https:\\\/\\\/www.monteroaramburugva.com\\\/wp-content\\\/uploads\\\/2025\\\/06\\\/web_Alejandro-Hernandez-Del-Castillo-1.jpg\",\"width\":494,\"height\":262},{\"@type\":\"BreadcrumbList\",\"@id\":\"https:\\\/\\\/www.monteroaramburugva.com\\\/en\\\/persona\\\/alejandro-hernandez-del-castillo\\\/#breadcrumb\",\"itemListElement\":[{\"@type\":\"ListItem\",\"position\":1,\"name\":\"Portada\",\"item\":\"https:\\\/\\\/www.monteroaramburugva.com\\\/en\\\/\"},{\"@type\":\"ListItem\",\"position\":2,\"name\":\"Alejandro Hern\u00e1ndez del Castillo\"}]},{\"@type\":\"WebSite\",\"@id\":\"https:\\\/\\\/www.monteroaramburugva.com\\\/en\\\/#website\",\"url\":\"https:\\\/\\\/www.monteroaramburugva.com\\\/en\\\/\",\"name\":\"Montero Aramburu &amp; GVA\",\"description\":\"Montero Aramburu &amp; G\u00f3mez-Villares Atencia ofrece asesoramiento legal especializado en diferentes \u00e1reas del derecho empresarial y corporativo\",\"publisher\":{\"@id\":\"https:\\\/\\\/www.monteroaramburugva.com\\\/en\\\/#organization\"},\"potentialAction\":[{\"@type\":\"SearchAction\",\"target\":{\"@type\":\"EntryPoint\",\"urlTemplate\":\"https:\\\/\\\/www.monteroaramburugva.com\\\/en\\\/?s={search_term_string}\"},\"query-input\":{\"@type\":\"PropertyValueSpecification\",\"valueRequired\":true,\"valueName\":\"search_term_string\"}}],\"inLanguage\":\"en-US\"},{\"@type\":\"Organization\",\"@id\":\"https:\\\/\\\/www.monteroaramburugva.com\\\/en\\\/#organization\",\"name\":\"Montero Aramburu &amp; GVA\",\"url\":\"https:\\\/\\\/www.monteroaramburugva.com\\\/en\\\/\",\"logo\":{\"@type\":\"ImageObject\",\"inLanguage\":\"en-US\",\"@id\":\"https:\\\/\\\/www.monteroaramburugva.com\\\/en\\\/#\\\/schema\\\/logo\\\/image\\\/\",\"url\":\"https:\\\/\\\/www.monteroaramburugva.com\\\/wp-content\\\/uploads\\\/2025\\\/03\\\/Logo.svg\",\"contentUrl\":\"https:\\\/\\\/www.monteroaramburugva.com\\\/wp-content\\\/uploads\\\/2025\\\/03\\\/Logo.svg\",\"width\":155,\"height\":65,\"caption\":\"Montero Aramburu &amp; GVA\"},\"image\":{\"@id\":\"https:\\\/\\\/www.monteroaramburugva.com\\\/en\\\/#\\\/schema\\\/logo\\\/image\\\/\"}}]}<\/script>\n<!-- \/ Yoast SEO plugin. -->","yoast_head_json":{"title":"Alejandro Hern\u00e1ndez del Castillo - Montero Aramburu &amp; GVA","robots":{"index":"index","follow":"follow","max-snippet":"max-snippet:-1","max-image-preview":"max-image-preview:large","max-video-preview":"max-video-preview:-1"},"canonical":"https:\/\/www.monteroaramburugva.com\/en\/persona\/alejandro-hernandez-del-castillo\/","og_locale":"en_US","og_type":"article","og_title":"Alejandro Hern\u00e1ndez del Castillo - Montero Aramburu &amp; GVA","og_url":"https:\/\/www.monteroaramburugva.com\/en\/persona\/alejandro-hernandez-del-castillo\/","og_site_name":"Montero Aramburu &amp; GVA","article_modified_time":"2025-10-24T10:05:41+00:00","og_image":[{"width":494,"height":262,"url":"https:\/\/www.monteroaramburugva.com\/wp-content\/uploads\/2025\/06\/web_Alejandro-Hernandez-Del-Castillo-1.jpg","type":"image\/jpeg"}],"twitter_card":"summary_large_image","twitter_misc":{"Est. reading time":"1 minute"},"schema":{"@context":"https:\/\/schema.org","@graph":[{"@type":"WebPage","@id":"https:\/\/www.monteroaramburugva.com\/en\/persona\/alejandro-hernandez-del-castillo\/","url":"https:\/\/www.monteroaramburugva.com\/en\/persona\/alejandro-hernandez-del-castillo\/","name":"Alejandro Hern\u00e1ndez del Castillo - Montero Aramburu &amp; GVA","isPartOf":{"@id":"https:\/\/www.monteroaramburugva.com\/en\/#website"},"primaryImageOfPage":{"@id":"https:\/\/www.monteroaramburugva.com\/en\/persona\/alejandro-hernandez-del-castillo\/#primaryimage"},"image":{"@id":"https:\/\/www.monteroaramburugva.com\/en\/persona\/alejandro-hernandez-del-castillo\/#primaryimage"},"thumbnailUrl":"https:\/\/www.monteroaramburugva.com\/wp-content\/uploads\/2025\/06\/web_Alejandro-Hernandez-Del-Castillo-1.jpg","datePublished":"2025-06-26T12:34:35+00:00","dateModified":"2025-10-24T10:05:41+00:00","breadcrumb":{"@id":"https:\/\/www.monteroaramburugva.com\/en\/persona\/alejandro-hernandez-del-castillo\/#breadcrumb"},"inLanguage":"en-US","potentialAction":[{"@type":"ReadAction","target":["https:\/\/www.monteroaramburugva.com\/en\/persona\/alejandro-hernandez-del-castillo\/"]}]},{"@type":"ImageObject","inLanguage":"en-US","@id":"https:\/\/www.monteroaramburugva.com\/en\/persona\/alejandro-hernandez-del-castillo\/#primaryimage","url":"https:\/\/www.monteroaramburugva.com\/wp-content\/uploads\/2025\/06\/web_Alejandro-Hernandez-Del-Castillo-1.jpg","contentUrl":"https:\/\/www.monteroaramburugva.com\/wp-content\/uploads\/2025\/06\/web_Alejandro-Hernandez-Del-Castillo-1.jpg","width":494,"height":262},{"@type":"BreadcrumbList","@id":"https:\/\/www.monteroaramburugva.com\/en\/persona\/alejandro-hernandez-del-castillo\/#breadcrumb","itemListElement":[{"@type":"ListItem","position":1,"name":"Portada","item":"https:\/\/www.monteroaramburugva.com\/en\/"},{"@type":"ListItem","position":2,"name":"Alejandro Hern\u00e1ndez del Castillo"}]},{"@type":"WebSite","@id":"https:\/\/www.monteroaramburugva.com\/en\/#website","url":"https:\/\/www.monteroaramburugva.com\/en\/","name":"Montero Aramburu &amp; GVA","description":"Montero Aramburu &amp; G\u00f3mez-Villares Atencia ofrece asesoramiento legal especializado en diferentes \u00e1reas del derecho empresarial y corporativo","publisher":{"@id":"https:\/\/www.monteroaramburugva.com\/en\/#organization"},"potentialAction":[{"@type":"SearchAction","target":{"@type":"EntryPoint","urlTemplate":"https:\/\/www.monteroaramburugva.com\/en\/?s={search_term_string}"},"query-input":{"@type":"PropertyValueSpecification","valueRequired":true,"valueName":"search_term_string"}}],"inLanguage":"en-US"},{"@type":"Organization","@id":"https:\/\/www.monteroaramburugva.com\/en\/#organization","name":"Montero Aramburu &amp; GVA","url":"https:\/\/www.monteroaramburugva.com\/en\/","logo":{"@type":"ImageObject","inLanguage":"en-US","@id":"https:\/\/www.monteroaramburugva.com\/en\/#\/schema\/logo\/image\/","url":"https:\/\/www.monteroaramburugva.com\/wp-content\/uploads\/2025\/03\/Logo.svg","contentUrl":"https:\/\/www.monteroaramburugva.com\/wp-content\/uploads\/2025\/03\/Logo.svg","width":155,"height":65,"caption":"Montero Aramburu &amp; GVA"},"image":{"@id":"https:\/\/www.monteroaramburugva.com\/en\/#\/schema\/logo\/image\/"}}]}},"_links":{"self":[{"href":"https:\/\/www.monteroaramburugva.com\/en\/wp-json\/wp\/v2\/persona\/2638","targetHints":{"allow":["GET"]}}],"collection":[{"href":"https:\/\/www.monteroaramburugva.com\/en\/wp-json\/wp\/v2\/persona"}],"about":[{"href":"https:\/\/www.monteroaramburugva.com\/en\/wp-json\/wp\/v2\/types\/persona"}],"wp:featuredmedia":[{"embeddable":true,"href":"https:\/\/www.monteroaramburugva.com\/en\/wp-json\/wp\/v2\/media\/2639"}],"wp:attachment":[{"href":"https:\/\/www.monteroaramburugva.com\/en\/wp-json\/wp\/v2\/media?parent=2638"}],"wp:term":[{"taxonomy":"cargo","embeddable":true,"href":"https:\/\/www.monteroaramburugva.com\/en\/wp-json\/wp\/v2\/cargo?post=2638"}],"curies":[{"name":"wp","href":"https:\/\/api.w.org\/{rel}","templated":true}]}}