{"id":1956,"date":"2025-03-10T15:40:59","date_gmt":"2025-03-10T14:40:59","guid":{"rendered":"https:\/\/monteroaramburu-stg.servidortemporal.net\/profesionales\/"},"modified":"2025-09-19T08:39:39","modified_gmt":"2025-09-19T06:39:39","slug":"professionals","status":"publish","type":"page","link":"https:\/\/www.monteroaramburugva.com\/en\/professionals\/","title":{"rendered":"PROFESSIONALS"},"content":{"rendered":"\r\r<div id=\"ImageTitleText-block_8a883410c61d0aecd7906c53a5892494\" class=\"ImageTitleText\">\r        <div class=\"contText\">\r        <div class=\"container\">\r            <div class=\"row\">\r                <div class=\"col-12\">\r                    <div class=\"textBtn\">\r                        <div class=\"titles\">\r                                                            <div class=\"itemPreTitulo\"><\/div>\r                                                        <div class=\"itemTitulo\"><h1>OUR PROFESSIONALS<\/h1>\n<\/div>\r                        <\/div>\r                        <div class=\"textDown\">\r                                                            <div class=\"itemTexto\"><p>More than 270 professionals, including lawyers and economists, provide their services in the firm covering practically all areas of law.<\/p>\n<\/div>\r                                                                                <\/div>\r                    <\/div>\r                <\/div>\r            <\/div>\r        <\/div>\r    <\/div>\r<\/div>\r\n\n\r<div id=\"PersonasList-block_54bce508f6f8a803e6296885d67c9b7f\" class=\"PersonasList  \" data-single=\"2382\">\r        <div class=\"container\">\r        <div class=\"row\">\r            <div class=\"col-12\">\r                <div class=\"bodyCont\" id=\"bodyCont\">\r                                                                <div class=\"filtroBox\" id=\"filtroBox\">\r                            <form class=\"searchForm\" method=\"GET\">\r                                <input type=\"hidden\" class=\"borrarFiltrosLabel\" name=\"borrarFiltrosLabel\" value=\"Clear filters\">\r                                <div class=\"elemFilters\">\r                                    <div class=\"inputContainer\">\r                                        <div class=\"inputData\">\r                                            <input class=\"nombre\" type=\"text\" name=\"form_nombre\" placeholder=\"Search by first and last name\">\r                                        <\/div>\r                                        <img decoding=\"async\" class=\"iconSearch\" alt=\"image\" src=\"https:\/\/www.monteroaramburugva.com\/wp-content\/themes\/montero_aramburu\/assets\/images\/icons\/search-icon.svg\" \/>\r                                    <\/div>\r                                    <div class=\"contSelects\">\r                                                                                    <select class=\"areas\" name=\"form_areas[]\" multiple data-placeholder=\"AREA\">\r                                                                                                    <option value=\"2093\">Tax<\/option>\r                                                                                                    <option value=\"2030\">Litigation and Arbitration<\/option>\r                                                                                                    <option value=\"2129\">Commercial Law<\/option>\r                                                                                                    <option value=\"1981\">Civil Law<\/option>\r                                                                                                    <option value=\"1997\">Public and Regulatory<\/option>\r                                                                                                    <option value=\"2003\">Employment Law<\/option>\r                                                                                                    <option value=\"2008\">Criminal Law<\/option>\r                                                                                                    <option value=\"2095\">Town and Country Planning<\/option>\r                                                                                                    <option value=\"2001\">Real Estate<\/option>\r                                                                                                    <option value=\"1990\">Energy<\/option>\r                                                                                                    <option value=\"2006\">Capital Markets<\/option>\r                                                                                                    <option value=\"1994\">Entertainment and Sport<\/option>\r                                                                                                    <option value=\"1985\">Digital Law<\/option>\r                                                                                                    <option value=\"1977\">Banking and Finance Law<\/option>\r                                                                                                    <option value=\"2094\">Restructuring and Insolvency<\/option>\r                                                                                                    <option value=\"1983\">Compliance and Corporate Governance<\/option>\r                                                                                                    <option value=\"2101\">Corporate and M&amp;A<\/option>\r                                                                                                    <option value=\"1992\">Family Business Law<\/option>\r                                                                                                    <option value=\"2127\">Sustainability and Environment<\/option>\r                                                                                                    <option value=\"1999\">Foundations, Associations and non-profit Organisations<\/option>\r                                                                                                    <option value=\"2052\">Industrial and Intellectual Property<\/option>\r                                                                                                    <option value=\"2125\">Insurance<\/option>\r                                                                                            <\/select>\r                                                                                                                            <select class=\"cargos\" name=\"form_cargos[]\" multiple data-placeholder=\"POSITION\">\r                                                                                                                                                    <option value=\"100\">Managing Director<\/option>\r                                                                                                                                                                                                                                                                                                                                                                                                    <option value=\"128\">Partner<\/option>\r                                                                                                                                                                                                    <option value=\"163\">Partner<\/option>\r                                                                                                                                                                                                    <option value=\"96\">Advisor<\/option>\r                                                                                                                                                                                                    <option value=\"97\">Department Director<\/option>\r                                                                                                                                                                                                    <option value=\"125\">Technical management team coordinator<\/option>\r                                                                                                                                                                                                                                                                                                                                                                                                                                                                                                    <option value=\"93\">Lawyer<\/option>\r                                                                                                                                                                                                    <option value=\"109\">Lawyer and Economist<\/option>\r                                                                                                                                                                                                    <option value=\"105\">Economist<\/option>\r                                                                                                                                                                                                    <option value=\"98\">Honorary Partner<\/option>\r                                                                                                                                                                                                    <option value=\"94\">Honorary Chair<\/option>\r                                                                                                                                            <\/select>\r                                                                                                                            <select class=\"oficinas\" name=\"form_oficinas[]\" multiple data-placeholder=\"LOCATION\">\r                                                                                                    <option value=\"2439\">Madrid<\/option>\r                                                                                                    <option value=\"2407\">Sevilla<\/option>\r                                                                                                    <option value=\"2387\">Santa Cruz de Tenerife<\/option>\r                                                                                                    <option value=\"2451\">M\u00e1laga<\/option>\r                                                                                                    <option value=\"2379\">Las Palmas de Gran Canaria<\/option>\r                                                                                                    <option value=\"2447\">Marbella<\/option>\r                                                                                                    <option value=\"2705\">C\u00f3rdoba<\/option>\r                                                                                                    <option value=\"3351\">Huelva<\/option>\r                                                                                                    <option value=\"2467\">Torre del Mar<\/option>\r                                                                                            <\/select>\r                                                                                <button type=\"button\" class=\"btnCta orange btnFiltro\"><span>APPLY FILTERS<\/span><\/button>\r                                    <\/div>\r                                <\/div>\r                            <\/form>\r                            <div class=\"labelsContainer\">\r                                <div class=\"labelsBox\">\r                                    <button type=\"button\" class=\"borrarFiltros\"><span>Clear filters<\/span><\/button>\r                                <\/div>\r                            <\/div>\r                        <\/div>\r                                            <div class=\"personas\">\r                                    <div class=\"itemTitulo\"><p>Professionals assigned<\/p>\n<\/div>\r                                                <div class=\"personasBox\"\r                     data-page=\"1\"\r                     data-per-page=\"16\"\r                     data-elementos-mostrar=\"todos\"\r                     data-nombre=\"\"\r                     data-areas=\"\"\r                     data-cargos=\"\"\r                     data-oficinas=\"\"\r                >\r                <\/div>\r                <button type=\"button\" class=\"ctaSpecial btnLoadMore\">\r                    <span class=\"text\">LOAD MORE<\/span>\r                    <span class=\"arrow\"><\/span>\r                <\/button>\r            <\/div>\r        <\/div>\r    <\/div>\r<\/div>\r<\/div>\r<script>\r    const opciones_seleccionadas_texto=\"seleccionadas\"\r    const opcion_seleccionada_texto=\"seleccionada\"\r<\/script>\n\n\r<div id=\"Oficinas-block_dd5a74b9d678f8e36d0768ccf9cc8188\" class=\"Oficinas\">\r    <div class=\"container\">\r        <div class=\"row\">\r            <div class=\"col-12\">\r                <div class=\"columnTop\">\r                    <div class=\"itemTitle\"><p>Our offices<\/p>\n<\/div>\r                <\/div>\r            <\/div>\r        <\/div>\r    <\/div>\r    <div class=\"columnBottom\">\r        <div class=\"sliderBox\">\r            <div class=\"container-lg-fluid px-4  px-lg-0\">\r                <div class=\"swiper swiperOffice swiper-container\">\r                    <div class=\"swiper-wrapper \">\r                        <div class=\"swiper-slide\"><div class=\"contImg\"><img loading=\"lazy\" decoding=\"async\" width=\"640\" height=\"427\" src=\"https:\/\/www.monteroaramburugva.com\/wp-content\/uploads\/2025\/06\/Madrid-1024x683.jpg\" class=\"attachment-large size-large wp-post-image\" alt=\"Madrid\" srcset=\"https:\/\/www.monteroaramburugva.com\/wp-content\/uploads\/2025\/06\/Madrid-1024x683.jpg 1024w, https:\/\/www.monteroaramburugva.com\/wp-content\/uploads\/2025\/06\/Madrid-300x200.jpg 300w, https:\/\/www.monteroaramburugva.com\/wp-content\/uploads\/2025\/06\/Madrid-768x512.jpg 768w, https:\/\/www.monteroaramburugva.com\/wp-content\/uploads\/2025\/06\/Madrid-1536x1024.jpg 1536w, https:\/\/www.monteroaramburugva.com\/wp-content\/uploads\/2025\/06\/Madrid-2048x1365.jpg 2048w\" sizes=\"auto, (max-width: 640px) 100vw, 640px\" \/><\/div><div class=\"slide-content\"><div class=\"itemTitle\">Madrid<\/div><div class=\"contContact\"><a href=\"tel:+34 910 327 693\" class=\"itemTelefono\">+34 910 327 693<\/a><a href=\"email:info.madrid@monteroaramburugva.com\" class=\"itemMail itemTelefono\">info.madrid@monteroaramburugva.com<\/a><a style=\"cursor: default;\" class=\"itemMail itemTelefono\">Calle del Poeta Joan Maragall 1, planta 17\u00aa<\/a><a style=\"cursor: default;\" class=\"itemMail\">28020 Madrid<\/a><\/div><\/div><\/div><div class=\"swiper-slide\"><div class=\"contImg\"><img loading=\"lazy\" decoding=\"async\" width=\"640\" height=\"427\" src=\"https:\/\/www.monteroaramburugva.com\/wp-content\/uploads\/2025\/06\/Sevilla-1024x683.jpg\" class=\"attachment-large size-large wp-post-image\" alt=\"Sevilla\" srcset=\"https:\/\/www.monteroaramburugva.com\/wp-content\/uploads\/2025\/06\/Sevilla-1024x683.jpg 1024w, https:\/\/www.monteroaramburugva.com\/wp-content\/uploads\/2025\/06\/Sevilla-300x200.jpg 300w, https:\/\/www.monteroaramburugva.com\/wp-content\/uploads\/2025\/06\/Sevilla-768x512.jpg 768w, https:\/\/www.monteroaramburugva.com\/wp-content\/uploads\/2025\/06\/Sevilla-1536x1024.jpg 1536w, https:\/\/www.monteroaramburugva.com\/wp-content\/uploads\/2025\/06\/Sevilla-2048x1365.jpg 2048w\" sizes=\"auto, (max-width: 640px) 100vw, 640px\" \/><\/div><div class=\"slide-content\"><div class=\"itemTitle\">Sevilla<\/div><div class=\"contContact\"><a href=\"tel:+34 954 991 266\" class=\"itemTelefono\">+34 954 991 266<\/a><a href=\"email:info.sevilla@monteroaramburugva.com\" class=\"itemMail itemTelefono\">info.sevilla@monteroaramburugva.com<\/a><a style=\"cursor: default;\" class=\"itemMail itemTelefono\">Rep\u00fablica Argentina 24, planta 13<\/a><a style=\"cursor: default;\" class=\"itemMail\">41011 Sevilla<\/a><\/div><\/div><\/div><div class=\"swiper-slide\"><div class=\"contImg\"><img loading=\"lazy\" decoding=\"async\" width=\"640\" height=\"427\" src=\"https:\/\/www.monteroaramburugva.com\/wp-content\/uploads\/2025\/06\/DSC_0536-1024x683.jpg\" class=\"attachment-large size-large wp-post-image\" alt=\"DSC_0536\" srcset=\"https:\/\/www.monteroaramburugva.com\/wp-content\/uploads\/2025\/06\/DSC_0536-1024x683.jpg 1024w, https:\/\/www.monteroaramburugva.com\/wp-content\/uploads\/2025\/06\/DSC_0536-300x200.jpg 300w, https:\/\/www.monteroaramburugva.com\/wp-content\/uploads\/2025\/06\/DSC_0536-768x512.jpg 768w, https:\/\/www.monteroaramburugva.com\/wp-content\/uploads\/2025\/06\/DSC_0536-1536x1024.jpg 1536w, https:\/\/www.monteroaramburugva.com\/wp-content\/uploads\/2025\/06\/DSC_0536-2048x1365.jpg 2048w\" sizes=\"auto, (max-width: 640px) 100vw, 640px\" \/><\/div><div class=\"slide-content\"><div class=\"itemTitle\">Santa Cruz de Tenerife<\/div><div class=\"contContact\"><a href=\"tel:+34 922 290 051\" class=\"itemTelefono\">+34 922 290 051<\/a><a href=\"email:info.tenerife@monteroaramburugva.com\" class=\"itemMail itemTelefono\">info.tenerife@monteroaramburugva.com<\/a><a style=\"cursor: default;\" class=\"itemMail itemTelefono\">C\/ Antonio Dom\u00ednguez Alfonso 18-20 (C\/La Noria)<\/a><a style=\"cursor: default;\" class=\"itemMail\">38003 Santa Cruz de Tenerife<\/a><\/div><\/div><\/div><div class=\"swiper-slide\"><div class=\"contImg\"><img loading=\"lazy\" decoding=\"async\" width=\"640\" height=\"282\" src=\"https:\/\/www.monteroaramburugva.com\/wp-content\/uploads\/2025\/06\/image001-2.png\" class=\"attachment-large size-large wp-post-image\" alt=\"image001 (2)\" srcset=\"https:\/\/www.monteroaramburugva.com\/wp-content\/uploads\/2025\/06\/image001-2.png 986w, https:\/\/www.monteroaramburugva.com\/wp-content\/uploads\/2025\/06\/image001-2-300x132.png 300w, https:\/\/www.monteroaramburugva.com\/wp-content\/uploads\/2025\/06\/image001-2-768x339.png 768w\" sizes=\"auto, (max-width: 640px) 100vw, 640px\" \/><\/div><div class=\"slide-content\"><div class=\"itemTitle\">M\u00e1laga<\/div><div class=\"contContact\"><a href=\"tel:+ 34 951 553 244\" class=\"itemTelefono\">+ 34 951 553 244<\/a><a href=\"email:malaga@monteroaramburugva.com\" class=\"itemMail itemTelefono\">malaga@monteroaramburugva.com<\/a><a style=\"cursor: default;\" class=\"itemMail itemTelefono\">C\/ C\u00f3rdoba 9<\/a><a style=\"cursor: default;\" class=\"itemMail\">29001 M\u00e1laga <\/a><\/div><\/div><\/div><div class=\"swiper-slide\"><div class=\"contImg\"><img loading=\"lazy\" decoding=\"async\" width=\"640\" height=\"420\" src=\"https:\/\/www.monteroaramburugva.com\/wp-content\/uploads\/2025\/06\/image001-3.png\" class=\"attachment-large size-large wp-post-image\" alt=\"image001 (3)\" srcset=\"https:\/\/www.monteroaramburugva.com\/wp-content\/uploads\/2025\/06\/image001-3.png 656w, https:\/\/www.monteroaramburugva.com\/wp-content\/uploads\/2025\/06\/image001-3-300x197.png 300w\" sizes=\"auto, (max-width: 640px) 100vw, 640px\" \/><\/div><div class=\"slide-content\"><div class=\"itemTitle\">Las Palmas de Gran Canaria<\/div><div class=\"contContact\"><a href=\"tel:+34 928 370 699\" class=\"itemTelefono\">+34 928 370 699<\/a><a href=\"email:info.laspalmas@monteroaramburugva.com\" class=\"itemMail itemTelefono\">info.laspalmas@monteroaramburugva.com<\/a><a style=\"cursor: default;\" class=\"itemMail itemTelefono\">C\/ Benito P\u00e9rez Gald\u00f3s, 26<\/a><a style=\"cursor: default;\" class=\"itemMail\">35002 Las Palmas de G.C.<\/a><\/div><\/div><\/div><div class=\"swiper-slide\"><div class=\"contImg\"><img loading=\"lazy\" decoding=\"async\" width=\"618\" height=\"279\" src=\"https:\/\/www.monteroaramburugva.com\/wp-content\/uploads\/2025\/06\/image001.png\" class=\"attachment-large size-large wp-post-image\" alt=\"image001\" srcset=\"https:\/\/www.monteroaramburugva.com\/wp-content\/uploads\/2025\/06\/image001.png 618w, https:\/\/www.monteroaramburugva.com\/wp-content\/uploads\/2025\/06\/image001-300x135.png 300w\" sizes=\"auto, (max-width: 618px) 100vw, 618px\" \/><\/div><div class=\"slide-content\"><div class=\"itemTitle\">Marbella<\/div><div class=\"contContact\"><a href=\"tel:+34 952 857 719\" class=\"itemTelefono\">+34 952 857 719<\/a><a href=\"email:marbella@monteroaramburugva.com\" class=\"itemMail itemTelefono\">marbella@monteroaramburugva.com<\/a><a style=\"cursor: default;\" class=\"itemMail itemTelefono\">C\/ San Juan Bosco 2, 8\u00aa planta<\/a><a style=\"cursor: default;\" class=\"itemMail\">29600 Marbella (M\u00e1laga)<\/a><\/div><\/div><\/div><div class=\"swiper-slide\"><div class=\"contImg\"><img loading=\"lazy\" decoding=\"async\" width=\"640\" height=\"427\" src=\"https:\/\/www.monteroaramburugva.com\/wp-content\/uploads\/2025\/06\/Cordoba-1024x683.jpg\" class=\"attachment-large size-large wp-post-image\" alt=\"Co\u0301rdoba\" srcset=\"https:\/\/www.monteroaramburugva.com\/wp-content\/uploads\/2025\/06\/Cordoba-1024x683.jpg 1024w, https:\/\/www.monteroaramburugva.com\/wp-content\/uploads\/2025\/06\/Cordoba-300x200.jpg 300w, https:\/\/www.monteroaramburugva.com\/wp-content\/uploads\/2025\/06\/Cordoba-768x512.jpg 768w, https:\/\/www.monteroaramburugva.com\/wp-content\/uploads\/2025\/06\/Cordoba-1536x1024.jpg 1536w, https:\/\/www.monteroaramburugva.com\/wp-content\/uploads\/2025\/06\/Cordoba-2048x1365.jpg 2048w\" sizes=\"auto, (max-width: 640px) 100vw, 640px\" \/><\/div><div class=\"slide-content\"><div class=\"itemTitle\">C\u00f3rdoba<\/div><div class=\"contContact\"><a href=\"tel:+34 957 767 255\" class=\"itemTelefono\">+34 957 767 255<\/a><a href=\"email:info.huelva@monteroaramburugva.com\" class=\"itemMail itemTelefono\">info.huelva@monteroaramburugva.com<\/a><a style=\"cursor: default;\" class=\"itemMail itemTelefono\">Avda. Gran Capit\u00e1n, 23 2\u00aa planta, oficina. 4<\/a><a style=\"cursor: default;\" class=\"itemMail\">14008 C\u00f3rdoba<\/a><\/div><\/div><\/div><div class=\"swiper-slide\"><div class=\"contImg\"><img loading=\"lazy\" decoding=\"async\" width=\"640\" height=\"426\" src=\"https:\/\/www.monteroaramburugva.com\/wp-content\/uploads\/2025\/06\/Huelva-1-1024x682.jpg\" class=\"attachment-large size-large wp-post-image\" alt=\"Huelva\" srcset=\"https:\/\/www.monteroaramburugva.com\/wp-content\/uploads\/2025\/06\/Huelva-1-1024x682.jpg 1024w, https:\/\/www.monteroaramburugva.com\/wp-content\/uploads\/2025\/06\/Huelva-1-300x200.jpg 300w, https:\/\/www.monteroaramburugva.com\/wp-content\/uploads\/2025\/06\/Huelva-1-768x512.jpg 768w, https:\/\/www.monteroaramburugva.com\/wp-content\/uploads\/2025\/06\/Huelva-1-1536x1024.jpg 1536w, https:\/\/www.monteroaramburugva.com\/wp-content\/uploads\/2025\/06\/Huelva-1-2048x1365.jpg 2048w\" sizes=\"auto, (max-width: 640px) 100vw, 640px\" \/><\/div><div class=\"slide-content\"><div class=\"itemTitle\">Huelva<\/div><div class=\"contContact\"><a href=\"tel:+34 959 816 883\" class=\"itemTelefono\">+34 959 816 883<\/a><a href=\"email:info.huelva@monteroaramburugva.com\" class=\"itemMail itemTelefono\">info.huelva@monteroaramburugva.com<\/a><a style=\"cursor: default;\" class=\"itemMail itemTelefono\">Avda. Mart\u00edn Alonso Pinz\u00f3n, 15 Edificio Parque Am\u00e9rica, entreplanta 6-7<\/a><a style=\"cursor: default;\" class=\"itemMail\">21003 Huelva<\/a><\/div><\/div><\/div><div class=\"swiper-slide\"><div class=\"contImg\"><img loading=\"lazy\" decoding=\"async\" width=\"494\" height=\"262\" src=\"https:\/\/www.monteroaramburugva.com\/wp-content\/uploads\/2025\/06\/M_A_01-10.jpg\" class=\"attachment-large size-large wp-post-image\" alt=\"M_A_01 (10)\" srcset=\"https:\/\/www.monteroaramburugva.com\/wp-content\/uploads\/2025\/06\/M_A_01-10.jpg 494w, https:\/\/www.monteroaramburugva.com\/wp-content\/uploads\/2025\/06\/M_A_01-10-300x159.jpg 300w\" sizes=\"auto, (max-width: 494px) 100vw, 494px\" \/><\/div><div class=\"slide-content\"><div class=\"itemTitle\">Torre del Mar<\/div><div class=\"contContact\"><a href=\"tel:+34 952 547 133\" class=\"itemTelefono\">+34 952 547 133<\/a><a href=\"email:torredelmar@monteroaramburugva.com\" class=\"itemMail itemTelefono\">torredelmar@monteroaramburugva.com<\/a><a style=\"cursor: default;\" class=\"itemMail itemTelefono\">Avenida de Andaluc\u00eda 105, 4\u00aa planta B<\/a><a style=\"cursor: default;\" class=\"itemMail\">29740 Torre del Mar (M\u00e1laga)<\/a><\/div><\/div><\/div>                    <\/div>\r                <\/div>\r            <\/div>\r            <div class=\"container\">\r                <div class=\"row\">\r                    <div class=\"col-12\">\r                        <div class=\"btnSwipper\">\r                            <div class=\"arrow swiper-button-next\"><\/div>\r                            <div class=\"line\"><\/div>\r                            <div class=\"arrow swiper-button-prev\"><\/div>\r                        <\/div>\r                    <\/div>\r                <\/div>\r            <\/div>\r        <\/div>\r    <\/div>\r<\/div>\r","protected":false},"excerpt":{"rendered":"","protected":false},"author":2,"featured_media":1144,"parent":0,"menu_order":0,"comment_status":"closed","ping_status":"closed","template":"","meta":{"_acf_changed":false,"footnotes":""},"class_list":["post-1956","page","type-page","status-publish","has-post-thumbnail","hentry"],"acf":[],"yoast_head":"<!-- This site is optimized with the Yoast SEO plugin v27.4 - https:\/\/yoast.com\/product\/yoast-seo-wordpress\/ -->\n<title>PROFESSIONALS - Montero Aramburu &amp; GVA<\/title>\n<meta name=\"robots\" content=\"index, follow, max-snippet:-1, max-image-preview:large, max-video-preview:-1\" \/>\n<link rel=\"canonical\" href=\"https:\/\/www.monteroaramburugva.com\/en\/professionals\/\" \/>\n<meta property=\"og:locale\" content=\"en_US\" \/>\n<meta property=\"og:type\" content=\"article\" \/>\n<meta property=\"og:title\" content=\"PROFESSIONALS - Montero Aramburu &amp; GVA\" \/>\n<meta property=\"og:url\" content=\"https:\/\/www.monteroaramburugva.com\/en\/professionals\/\" \/>\n<meta property=\"og:site_name\" content=\"Montero Aramburu &amp; GVA\" \/>\n<meta property=\"article:modified_time\" content=\"2025-09-19T06:39:39+00:00\" \/>\n<meta property=\"og:image\" content=\"https:\/\/www.monteroaramburugva.com\/wp-content\/uploads\/2025\/03\/Img-3.jpg\" \/>\n\t<meta property=\"og:image:width\" content=\"870\" \/>\n\t<meta property=\"og:image:height\" content=\"496\" \/>\n\t<meta property=\"og:image:type\" content=\"image\/jpeg\" \/>\n<meta name=\"twitter:card\" content=\"summary_large_image\" \/>\n<meta name=\"twitter:label1\" content=\"Est. reading time\" \/>\n\t<meta name=\"twitter:data1\" content=\"1 minute\" \/>\n<script type=\"application\/ld+json\" class=\"yoast-schema-graph\">{\"@context\":\"https:\\\/\\\/schema.org\",\"@graph\":[{\"@type\":\"WebPage\",\"@id\":\"https:\\\/\\\/www.monteroaramburugva.com\\\/en\\\/professionals\\\/\",\"url\":\"https:\\\/\\\/www.monteroaramburugva.com\\\/en\\\/professionals\\\/\",\"name\":\"PROFESSIONALS - Montero Aramburu &amp; GVA\",\"isPartOf\":{\"@id\":\"https:\\\/\\\/www.monteroaramburugva.com\\\/en\\\/#website\"},\"primaryImageOfPage\":{\"@id\":\"https:\\\/\\\/www.monteroaramburugva.com\\\/en\\\/professionals\\\/#primaryimage\"},\"image\":{\"@id\":\"https:\\\/\\\/www.monteroaramburugva.com\\\/en\\\/professionals\\\/#primaryimage\"},\"thumbnailUrl\":\"https:\\\/\\\/www.monteroaramburugva.com\\\/wp-content\\\/uploads\\\/2025\\\/03\\\/Img-3.jpg\",\"datePublished\":\"2025-03-10T14:40:59+00:00\",\"dateModified\":\"2025-09-19T06:39:39+00:00\",\"breadcrumb\":{\"@id\":\"https:\\\/\\\/www.monteroaramburugva.com\\\/en\\\/professionals\\\/#breadcrumb\"},\"inLanguage\":\"en-US\",\"potentialAction\":[{\"@type\":\"ReadAction\",\"target\":[\"https:\\\/\\\/www.monteroaramburugva.com\\\/en\\\/professionals\\\/\"]}]},{\"@type\":\"ImageObject\",\"inLanguage\":\"en-US\",\"@id\":\"https:\\\/\\\/www.monteroaramburugva.com\\\/en\\\/professionals\\\/#primaryimage\",\"url\":\"https:\\\/\\\/www.monteroaramburugva.com\\\/wp-content\\\/uploads\\\/2025\\\/03\\\/Img-3.jpg\",\"contentUrl\":\"https:\\\/\\\/www.monteroaramburugva.com\\\/wp-content\\\/uploads\\\/2025\\\/03\\\/Img-3.jpg\",\"width\":870,\"height\":496},{\"@type\":\"BreadcrumbList\",\"@id\":\"https:\\\/\\\/www.monteroaramburugva.com\\\/en\\\/professionals\\\/#breadcrumb\",\"itemListElement\":[{\"@type\":\"ListItem\",\"position\":1,\"name\":\"Portada\",\"item\":\"https:\\\/\\\/www.monteroaramburugva.com\\\/en\\\/\"},{\"@type\":\"ListItem\",\"position\":2,\"name\":\"PROFESSIONALS\"}]},{\"@type\":\"WebSite\",\"@id\":\"https:\\\/\\\/www.monteroaramburugva.com\\\/en\\\/#website\",\"url\":\"https:\\\/\\\/www.monteroaramburugva.com\\\/en\\\/\",\"name\":\"Montero Aramburu &amp; GVA\",\"description\":\"Montero Aramburu &amp; G\u00f3mez-Villares Atencia ofrece asesoramiento legal especializado en diferentes \u00e1reas del derecho empresarial y corporativo\",\"publisher\":{\"@id\":\"https:\\\/\\\/www.monteroaramburugva.com\\\/en\\\/#organization\"},\"potentialAction\":[{\"@type\":\"SearchAction\",\"target\":{\"@type\":\"EntryPoint\",\"urlTemplate\":\"https:\\\/\\\/www.monteroaramburugva.com\\\/en\\\/?s={search_term_string}\"},\"query-input\":{\"@type\":\"PropertyValueSpecification\",\"valueRequired\":true,\"valueName\":\"search_term_string\"}}],\"inLanguage\":\"en-US\"},{\"@type\":\"Organization\",\"@id\":\"https:\\\/\\\/www.monteroaramburugva.com\\\/en\\\/#organization\",\"name\":\"Montero Aramburu &amp; GVA\",\"url\":\"https:\\\/\\\/www.monteroaramburugva.com\\\/en\\\/\",\"logo\":{\"@type\":\"ImageObject\",\"inLanguage\":\"en-US\",\"@id\":\"https:\\\/\\\/www.monteroaramburugva.com\\\/en\\\/#\\\/schema\\\/logo\\\/image\\\/\",\"url\":\"https:\\\/\\\/www.monteroaramburugva.com\\\/wp-content\\\/uploads\\\/2025\\\/03\\\/Logo.svg\",\"contentUrl\":\"https:\\\/\\\/www.monteroaramburugva.com\\\/wp-content\\\/uploads\\\/2025\\\/03\\\/Logo.svg\",\"width\":155,\"height\":65,\"caption\":\"Montero Aramburu &amp; GVA\"},\"image\":{\"@id\":\"https:\\\/\\\/www.monteroaramburugva.com\\\/en\\\/#\\\/schema\\\/logo\\\/image\\\/\"}}]}<\/script>\n<!-- \/ Yoast SEO plugin. -->","yoast_head_json":{"title":"PROFESSIONALS - Montero Aramburu &amp; GVA","robots":{"index":"index","follow":"follow","max-snippet":"max-snippet:-1","max-image-preview":"max-image-preview:large","max-video-preview":"max-video-preview:-1"},"canonical":"https:\/\/www.monteroaramburugva.com\/en\/professionals\/","og_locale":"en_US","og_type":"article","og_title":"PROFESSIONALS - Montero Aramburu &amp; GVA","og_url":"https:\/\/www.monteroaramburugva.com\/en\/professionals\/","og_site_name":"Montero Aramburu &amp; GVA","article_modified_time":"2025-09-19T06:39:39+00:00","og_image":[{"width":870,"height":496,"url":"https:\/\/www.monteroaramburugva.com\/wp-content\/uploads\/2025\/03\/Img-3.jpg","type":"image\/jpeg"}],"twitter_card":"summary_large_image","twitter_misc":{"Est. reading time":"1 minute"},"schema":{"@context":"https:\/\/schema.org","@graph":[{"@type":"WebPage","@id":"https:\/\/www.monteroaramburugva.com\/en\/professionals\/","url":"https:\/\/www.monteroaramburugva.com\/en\/professionals\/","name":"PROFESSIONALS - Montero Aramburu &amp; GVA","isPartOf":{"@id":"https:\/\/www.monteroaramburugva.com\/en\/#website"},"primaryImageOfPage":{"@id":"https:\/\/www.monteroaramburugva.com\/en\/professionals\/#primaryimage"},"image":{"@id":"https:\/\/www.monteroaramburugva.com\/en\/professionals\/#primaryimage"},"thumbnailUrl":"https:\/\/www.monteroaramburugva.com\/wp-content\/uploads\/2025\/03\/Img-3.jpg","datePublished":"2025-03-10T14:40:59+00:00","dateModified":"2025-09-19T06:39:39+00:00","breadcrumb":{"@id":"https:\/\/www.monteroaramburugva.com\/en\/professionals\/#breadcrumb"},"inLanguage":"en-US","potentialAction":[{"@type":"ReadAction","target":["https:\/\/www.monteroaramburugva.com\/en\/professionals\/"]}]},{"@type":"ImageObject","inLanguage":"en-US","@id":"https:\/\/www.monteroaramburugva.com\/en\/professionals\/#primaryimage","url":"https:\/\/www.monteroaramburugva.com\/wp-content\/uploads\/2025\/03\/Img-3.jpg","contentUrl":"https:\/\/www.monteroaramburugva.com\/wp-content\/uploads\/2025\/03\/Img-3.jpg","width":870,"height":496},{"@type":"BreadcrumbList","@id":"https:\/\/www.monteroaramburugva.com\/en\/professionals\/#breadcrumb","itemListElement":[{"@type":"ListItem","position":1,"name":"Portada","item":"https:\/\/www.monteroaramburugva.com\/en\/"},{"@type":"ListItem","position":2,"name":"PROFESSIONALS"}]},{"@type":"WebSite","@id":"https:\/\/www.monteroaramburugva.com\/en\/#website","url":"https:\/\/www.monteroaramburugva.com\/en\/","name":"Montero Aramburu &amp; GVA","description":"Montero Aramburu &amp; G\u00f3mez-Villares Atencia ofrece asesoramiento legal especializado en diferentes \u00e1reas del derecho empresarial y corporativo","publisher":{"@id":"https:\/\/www.monteroaramburugva.com\/en\/#organization"},"potentialAction":[{"@type":"SearchAction","target":{"@type":"EntryPoint","urlTemplate":"https:\/\/www.monteroaramburugva.com\/en\/?s={search_term_string}"},"query-input":{"@type":"PropertyValueSpecification","valueRequired":true,"valueName":"search_term_string"}}],"inLanguage":"en-US"},{"@type":"Organization","@id":"https:\/\/www.monteroaramburugva.com\/en\/#organization","name":"Montero Aramburu &amp; GVA","url":"https:\/\/www.monteroaramburugva.com\/en\/","logo":{"@type":"ImageObject","inLanguage":"en-US","@id":"https:\/\/www.monteroaramburugva.com\/en\/#\/schema\/logo\/image\/","url":"https:\/\/www.monteroaramburugva.com\/wp-content\/uploads\/2025\/03\/Logo.svg","contentUrl":"https:\/\/www.monteroaramburugva.com\/wp-content\/uploads\/2025\/03\/Logo.svg","width":155,"height":65,"caption":"Montero Aramburu &amp; GVA"},"image":{"@id":"https:\/\/www.monteroaramburugva.com\/en\/#\/schema\/logo\/image\/"}}]}},"_links":{"self":[{"href":"https:\/\/www.monteroaramburugva.com\/en\/wp-json\/wp\/v2\/pages\/1956","targetHints":{"allow":["GET"]}}],"collection":[{"href":"https:\/\/www.monteroaramburugva.com\/en\/wp-json\/wp\/v2\/pages"}],"about":[{"href":"https:\/\/www.monteroaramburugva.com\/en\/wp-json\/wp\/v2\/types\/page"}],"author":[{"embeddable":true,"href":"https:\/\/www.monteroaramburugva.com\/en\/wp-json\/wp\/v2\/users\/2"}],"replies":[{"embeddable":true,"href":"https:\/\/www.monteroaramburugva.com\/en\/wp-json\/wp\/v2\/comments?post=1956"}],"version-history":[{"count":0,"href":"https:\/\/www.monteroaramburugva.com\/en\/wp-json\/wp\/v2\/pages\/1956\/revisions"}],"wp:featuredmedia":[{"embeddable":true,"href":"https:\/\/www.monteroaramburugva.com\/en\/wp-json\/wp\/v2\/media\/1144"}],"wp:attachment":[{"href":"https:\/\/www.monteroaramburugva.com\/en\/wp-json\/wp\/v2\/media?parent=1956"}],"curies":[{"name":"wp","href":"https:\/\/api.w.org\/{rel}","templated":true}]}}