{"id":1951,"date":"2025-03-10T15:40:36","date_gmt":"2025-03-10T14:40:36","guid":{"rendered":"https:\/\/monteroaramburu-stg.servidortemporal.net\/la-firma\/"},"modified":"2026-01-30T15:36:43","modified_gmt":"2026-01-30T14:36:43","slug":"the-firm","status":"publish","type":"page","link":"https:\/\/www.monteroaramburugva.com\/en\/the-firm\/","title":{"rendered":"THE FIRM"},"content":{"rendered":"\r\r<div id=\"ImageTitleText-block_5f3618c4b1b0c6b869118e0ec1cf0d71\" class=\"ImageTitleText\">\r            <div class=\"itemImagenFondo\"><img decoding=\"async\" src=\"https:\/\/www.monteroaramburugva.com\/wp-content\/uploads\/2025\/04\/Img-1.png\" alt=\"Img (1)\"><\/div>\r        <div class=\"contText\">\r        <div class=\"container\">\r            <div class=\"row\">\r                <div class=\"col-12\">\r                    <div class=\"textBtn\">\r                        <div class=\"titles\">\r                                                            <div class=\"itemPreTitulo\"><\/div>\r                                                        <div class=\"itemTitulo\"><h1>THE FIRM<\/h1>\n<\/div>\r                        <\/div>\r                        <div class=\"textDown\">\r                                                            <div class=\"itemTexto\"><p>We are a law firm that, combining legal quality with dedication and honesty, accompanies our clients in making their most important decisions.<\/p>\n<p>&nbsp;<\/p>\n<p>We work with dedication and efficiency in the pursuit of excellence in line with our values.<\/p>\n<\/div>\r                                                                                        <a href=\"https:\/\/www.monteroaramburugva.com\/wp-content\/uploads\/2025\/07\/2025-Corporate-services-dossier.pdf\" class=\"ctaSpecial blue\">\r                                    <span class=\"text\">CORPORATE DOSSIER<\/span>\r                                    <span class=\"arrow\"><\/span>\r                                <\/a>\r                                                    <\/div>\r                    <\/div>\r                <\/div>\r            <\/div>\r        <\/div>\r    <\/div>\r<\/div>\r\n\n\r\r<div id=\"CustomizableBox-block_b8aa59ce0d1307c01b243988b391ab9e\" class=\"CustomizableBox  fondo_2\" style='background-color: #0A1A2D'>\r    <div class=\"container\">\r        <div class=\"row\">\r            <div class=\"col-12\">\r                <div class=\"topColumn texto_plano\">\r                    <div class=\"itemTitulo\"><p>We are a law firm<\/p>\n<\/div>\r                                    <\/div>\r                <div class=\"bottomColumn derecha\">\r                                            <div class=\"itemImagen\" style=\"background-image: url(https:\/\/www.monteroaramburugva.com\/wp-content\/uploads\/2025\/06\/58c267e435e20464af62983bde0aa7cd9ddb89fa-1-scaled.webp)\"><\/div>\r                                        <div class=\"itemContent hasImage\">\r                                                    <div class=\"boxAcordeon texto_plano\">\r                                                                                                            <div class=\"itemAcordeon tabPlana single\">\r                                            <div class=\"texts\">\r                                                                                                <div class=\"itemTexto\"><p>In our firm, human quality is at the same level as legal quality. We are committed to turning every professional relationship into a personal commitment, anticipating and resolving our clients&#8217; legal challenges with solid, innovative, effective and, above all, honest solutions.<\/p>\n<p>We work in pursuit of the legal truth by providing excellent services because we prioritise our values above any external influence that compromises our dedication, efficiency and quality.<\/p>\n<p>At Montero Aramburu &amp; G\u00f3mez-Villares Atencia every decision we make and every service we provide is imbued with our values:<\/p>\n<\/div>\r                                            <\/div>\r                                                                                                                                <\/div>\r                                                                                                <\/div>\r                                                                            <div class=\"boxKpis\">\r                                                                    <div class=\"itemKpi dividida azul\">\r                                        <div class=\"itemTexto1\"><p>+370<br \/>\nemployees<\/p>\n<\/div>\r                                                                                <span class=\"line\"><\/span>\r                                                                                <div class=\"itemTexto2\"><p>+270<br \/>\nlawyers and economists<\/p>\n<\/div>\r                                    <\/div>\r                                                                    <div class=\"itemKpi sin_division gris\">\r                                        <div class=\"itemTexto1\"><p>9<br \/>\noffices strategically located throughout all of Spain<\/p>\n<\/div>\r                                                                                <div class=\"itemTexto2\"><\/div>\r                                    <\/div>\r                                                                    <div class=\"itemKpi sin_division naranja\">\r                                        <div class=\"itemTexto1\"><p>22<br \/>\nareas of practice<\/p>\n<\/div>\r                                                                                <div class=\"itemTexto2\"><\/div>\r                                    <\/div>\r                                                            <\/div>\r                                            <\/div>\r                <\/div>\r            <\/div>\r        <\/div>\r    <\/div>\r<\/div>\n\n\r\r<div id=\"TabsAcordeon-block_719f61f29be2967ebda9123e1293cb4a\" class=\"TabsAcordeon\">\r    <div class=\"container\">\r        <div class=\"row\">\r            <div class=\"col-12\">\r                <div class=\"topCont\">\r                    <div class=\"itemTitulo\"><p>Our values<\/p>\n<\/div>\r                                    <\/div>\r                <div class=\"itemBackground\">\r                                            <div class=\"tabsBox\">\r                            <div class=\"acordeon leftColumn\" style=\"background-color:#ABCAE9\">\r                                <div class=\"containerData\">\r                                                                            <div class=\"contTabs\">\r                                            <div class=\"itemTabTitulo\" style=\"background-color:#ABCAE9\" data-tab=\"0\">\r                                                <div class=\"dataTitulo\">\r                                                    <span><p>Honesty<\/p>\n<\/span>\r                                                <\/div>\r                                            <\/div>\r                                            <div class=\"tabContentMobile\" style=\"background-color:#c4daf0\">\r                                                <div class=\"itemTab\" data-tab=\"0\">\r                                                                                                            <div class=\"tabImage\"><img decoding=\"async\" src=\"https:\/\/www.monteroaramburugva.com\/wp-content\/uploads\/2025\/06\/Honestidad-scaled.jpg\" alt=\"Beautiful,Banana,Leaf,Background,With,Fern,Shadow,,Bright,Green,Banana\"><\/div>\r                                                                                                                                                                                                                    <div class=\"tabTexto\"><p>It is the pillar on which the trust our clients place in us is built.<\/p>\n<p>&nbsp;<\/p>\n<p>We act with transparency and integrity in all situations, ensuring consistency between our words and actions.<\/p>\n<\/div>\r                                                                                                                                                                                                            <\/div>\r                                            <\/div>\r                                        <\/div>\r                                                                            <div class=\"contTabs\">\r                                            <div class=\"itemTabTitulo\" style=\"background-color:#ABCAE9\" data-tab=\"1\">\r                                                <div class=\"dataTitulo\">\r                                                    <span><p>Knowledge<\/p>\n<\/span>\r                                                <\/div>\r                                            <\/div>\r                                            <div class=\"tabContentMobile\" style=\"background-color:#c4daf0\">\r                                                <div class=\"itemTab\" data-tab=\"1\">\r                                                                                                            <div class=\"tabImage\"><img decoding=\"async\" src=\"https:\/\/www.monteroaramburugva.com\/wp-content\/uploads\/2025\/07\/Conocimiento-scaled.jpg\" alt=\"Dandelion,Flower,With,Water,Drops\"><\/div>\r                                                                                                                                                                                                                    <div class=\"tabTexto\"><p>We strive to keep up to date and be experts in our field, in order to offer the best possible advice to our clients.<\/p>\n<\/div>\r                                                                                                                                                                                                            <\/div>\r                                            <\/div>\r                                        <\/div>\r                                                                            <div class=\"contTabs\">\r                                            <div class=\"itemTabTitulo\" style=\"background-color:#ABCAE9\" data-tab=\"2\">\r                                                <div class=\"dataTitulo\">\r                                                    <span><p>Criterion<\/p>\n<\/span>\r                                                <\/div>\r                                            <\/div>\r                                            <div class=\"tabContentMobile\" style=\"background-color:#c4daf0\">\r                                                <div class=\"itemTab\" data-tab=\"2\">\r                                                                                                            <div class=\"tabImage\"><img decoding=\"async\" src=\"https:\/\/www.monteroaramburugva.com\/wp-content\/uploads\/2025\/06\/Criterio-scaled.jpg\" alt=\"Israeli,Coast,Of,The,Dead,Sea.,Salt,Mushroom,Crystals,Formations,\"><\/div>\r                                                                                                                                                                                                                    <div class=\"tabTexto\"><p>Our ability to discern and make informed decisions is a key factor.<\/p>\n<p>&nbsp;<\/p>\n<p>We offer our clients thoughtful and prudent judgement, always striving for excellence and integrity in every action.<\/p>\n<\/div>\r                                                                                                                                                                                                            <\/div>\r                                            <\/div>\r                                        <\/div>\r                                                                            <div class=\"contTabs\">\r                                            <div class=\"itemTabTitulo\" style=\"background-color:#ABCAE9\" data-tab=\"3\">\r                                                <div class=\"dataTitulo\">\r                                                    <span><p>Commitment<\/p>\n<\/span>\r                                                <\/div>\r                                            <\/div>\r                                            <div class=\"tabContentMobile\" style=\"background-color:#c4daf0\">\r                                                <div class=\"itemTab\" data-tab=\"3\">\r                                                                                                            <div class=\"tabImage\"><img decoding=\"async\" src=\"https:\/\/www.monteroaramburugva.com\/wp-content\/uploads\/2025\/07\/shutterstock_106025096-scaled.jpg\" alt=\"Aurelia,Jelly,Fish,(,(also,Called,Common,Jellyfish,,Moon,Jellyfish,\"><\/div>\r                                                                                                                                                                                                                    <div class=\"tabTexto\"><p>For us, commitment is not a formality, but the bond that binds us to our clients.<\/p>\n<p>&nbsp;<\/p>\n<p>We are by their side every step of the way.<\/p>\n<\/div>\r                                                                                                                                                                                                            <\/div>\r                                            <\/div>\r                                        <\/div>\r                                                                            <div class=\"contTabs\">\r                                            <div class=\"itemTabTitulo\" style=\"background-color:#ABCAE9\" data-tab=\"4\">\r                                                <div class=\"dataTitulo\">\r                                                    <span><p>Proximity<\/p>\n<\/span>\r                                                <\/div>\r                                            <\/div>\r                                            <div class=\"tabContentMobile\" style=\"background-color:#c4daf0\">\r                                                <div class=\"itemTab\" data-tab=\"4\">\r                                                                                                            <div class=\"tabImage\"><img decoding=\"async\" src=\"https:\/\/www.monteroaramburugva.com\/wp-content\/uploads\/2025\/07\/shutterstock_2505172575-scaled.jpg\" alt=\"Aerial,View,Of,Asphalt,Road,With,Cars,And,Colorful,Fall\"><\/div>\r                                                                                                                                                                                                                    <div class=\"tabTexto\"><p>We strive to offer personal attention, genuine proximity and friendliness that characterise every interaction with our clients.<\/p>\n<\/div>\r                                                                                                                                                                                                            <\/div>\r                                            <\/div>\r                                        <\/div>\r                                                                            <div class=\"contTabs\">\r                                            <div class=\"itemTabTitulo\" style=\"background-color:#ABCAE9\" data-tab=\"5\">\r                                                <div class=\"dataTitulo\">\r                                                    <span><p>Trust<\/p>\n<\/span>\r                                                <\/div>\r                                            <\/div>\r                                            <div class=\"tabContentMobile\" style=\"background-color:#c4daf0\">\r                                                <div class=\"itemTab\" data-tab=\"5\">\r                                                                                                            <div class=\"tabImage\"><img decoding=\"async\" src=\"https:\/\/www.monteroaramburugva.com\/wp-content\/uploads\/2025\/07\/shutterstock_2500338255-scaled.jpg\" alt=\"Close-up,Of,Starfish,Texture,Highlighting,Detailed,Orange,Surface\"><\/div>\r                                                                                                                                                                                                                    <div class=\"tabTexto\"><p>We work hard to gain and maintain our clients\u2019 trust in every case and situation, always meeting our objectives and commitments.<\/p>\n<\/div>\r                                                                                                                                                                                                            <\/div>\r                                            <\/div>\r                                        <\/div>\r                                                                    <\/div>\r                            <\/div>\r                            <div class=\"acordeon rightColumn desktop\" style=\"background-color:#c4daf0\">\r                                                                    <div class=\"itemTab\" data-tab=\"0\">\r                                                                                    <div class=\"tabImage\"><img decoding=\"async\" src=\"https:\/\/www.monteroaramburugva.com\/wp-content\/uploads\/2025\/06\/Honestidad-scaled.jpg\" alt=\"Beautiful,Banana,Leaf,Background,With,Fern,Shadow,,Bright,Green,Banana\"><\/div>\r                                                                                                                            <div class=\"contTexts\">\r                                                                                                                                                    <div class=\"tabTexto\"><p>It is the pillar on which the trust our clients place in us is built.<\/p>\n<p>&nbsp;<\/p>\n<p>We act with transparency and integrity in all situations, ensuring consistency between our words and actions.<\/p>\n<\/div>\r                                                                                            <\/div>\r                                        \r                                        \r                                                                            <\/div>\r                                                                    <div class=\"itemTab\" data-tab=\"1\">\r                                                                                    <div class=\"tabImage\"><img decoding=\"async\" src=\"https:\/\/www.monteroaramburugva.com\/wp-content\/uploads\/2025\/07\/Conocimiento-scaled.jpg\" alt=\"Dandelion,Flower,With,Water,Drops\"><\/div>\r                                                                                                                            <div class=\"contTexts\">\r                                                                                                                                                    <div class=\"tabTexto\"><p>We strive to keep up to date and be experts in our field, in order to offer the best possible advice to our clients.<\/p>\n<\/div>\r                                                                                            <\/div>\r                                        \r                                        \r                                                                            <\/div>\r                                                                    <div class=\"itemTab\" data-tab=\"2\">\r                                                                                    <div class=\"tabImage\"><img decoding=\"async\" src=\"https:\/\/www.monteroaramburugva.com\/wp-content\/uploads\/2025\/06\/Criterio-scaled.jpg\" alt=\"Israeli,Coast,Of,The,Dead,Sea.,Salt,Mushroom,Crystals,Formations,\"><\/div>\r                                                                                                                            <div class=\"contTexts\">\r                                                                                                                                                    <div class=\"tabTexto\"><p>Our ability to discern and make informed decisions is a key factor.<\/p>\n<p>&nbsp;<\/p>\n<p>We offer our clients thoughtful and prudent judgement, always striving for excellence and integrity in every action.<\/p>\n<\/div>\r                                                                                            <\/div>\r                                        \r                                        \r                                                                            <\/div>\r                                                                    <div class=\"itemTab\" data-tab=\"3\">\r                                                                                    <div class=\"tabImage\"><img decoding=\"async\" src=\"https:\/\/www.monteroaramburugva.com\/wp-content\/uploads\/2025\/07\/shutterstock_106025096-scaled.jpg\" alt=\"Aurelia,Jelly,Fish,(,(also,Called,Common,Jellyfish,,Moon,Jellyfish,\"><\/div>\r                                                                                                                            <div class=\"contTexts\">\r                                                                                                                                                    <div class=\"tabTexto\"><p>For us, commitment is not a formality, but the bond that binds us to our clients.<\/p>\n<p>&nbsp;<\/p>\n<p>We are by their side every step of the way.<\/p>\n<\/div>\r                                                                                            <\/div>\r                                        \r                                        \r                                                                            <\/div>\r                                                                    <div class=\"itemTab\" data-tab=\"4\">\r                                                                                    <div class=\"tabImage\"><img decoding=\"async\" src=\"https:\/\/www.monteroaramburugva.com\/wp-content\/uploads\/2025\/07\/shutterstock_2505172575-scaled.jpg\" alt=\"Aerial,View,Of,Asphalt,Road,With,Cars,And,Colorful,Fall\"><\/div>\r                                                                                                                            <div class=\"contTexts\">\r                                                                                                                                                    <div class=\"tabTexto\"><p>We strive to offer personal attention, genuine proximity and friendliness that characterise every interaction with our clients.<\/p>\n<\/div>\r                                                                                            <\/div>\r                                        \r                                        \r                                                                            <\/div>\r                                                                    <div class=\"itemTab\" data-tab=\"5\">\r                                                                                    <div class=\"tabImage\"><img decoding=\"async\" src=\"https:\/\/www.monteroaramburugva.com\/wp-content\/uploads\/2025\/07\/shutterstock_2500338255-scaled.jpg\" alt=\"Close-up,Of,Starfish,Texture,Highlighting,Detailed,Orange,Surface\"><\/div>\r                                                                                                                            <div class=\"contTexts\">\r                                                                                                                                                    <div class=\"tabTexto\"><p>We work hard to gain and maintain our clients\u2019 trust in every case and situation, always meeting our objectives and commitments.<\/p>\n<\/div>\r                                                                                            <\/div>\r                                        \r                                        \r                                                                            <\/div>\r                                                            <\/div>\r                        <\/div>\r                                    <\/div>\r            <\/div>\r        <\/div>\r    <\/div>\r<\/div>\r\n\n\r\r<div id=\"SideImageText-block_ae7c3722c9234975e1e9830b01c9395c\" class=\"SideImageText image-right\">\r    <div class=\"container\">\r        <div class=\"row\">\r            <div class=\"col-12\">\r                <div class=\"upCont\">\r                    <h3 class=\"itemPreTitulo\"><\/h3>\r                    <h2 class=\"itemTitulo\"><p>Our history<\/p>\n<\/h2>\r                <\/div>\r                <div class=\"downCont\">\r                                                                        <div class=\"columnLeft imagenDesktop\">\r                                <img decoding=\"async\" src=\"https:\/\/www.monteroaramburugva.com\/wp-content\/uploads\/2025\/07\/0696-scaled.jpg\" alt=\"historia\">\r                            <\/div>\r                                                                <div class=\"columnRight\">\r                        <div class=\"wrapperTexto\">\r                            <div class=\"itemTexto\"><p>The firm&#8217;s origins date back to 1955, almost two decades before its foundation, when\u00a0<strong>Armando Fern\u00e1ndez-Aramburu Le\u00f3n\u00a0<\/strong>(Seville, 1926-2015) and\u00a0<strong>Jos\u00e9 Luis Montero G\u00f3mez\u00a0<\/strong>(Salamanca, 1928 &#8211; Seville, 2000), met while working as civil servants at the Tax Office in Santa Cruz de Tenerife. There they forged a lasting relationship of deep friendship and mutual admiration which, among other fruits, would lead to the creation of the\u00a0<strong>MONTERO-ARAMBURU<\/strong>\u00a0law firm, many years later, when both were working in Seville<strong>.<\/strong><\/p>\n<p>Armando obtained his degree in Business Administration from the School of Commerce in Seville in 1945 and, after passing the competitive examination, joined the Corps of Tax Administrators in 1953. Between 1966 and 1971, Armando studied law on his own, combining his studies with his work and a family of five children.<\/p>\n<p>Jos\u00e9 Luis had graduated in Law from the University of Salamanca in 1949. As a civil servant in the Ministry of Finance, he began his administrative career in 1951 after passing the competitive examination for the Corps of Technicians in the Public Treasury Service. In 1954, after preparing for and passing the competitive examination for the Corps of Tax Inspectors in 1952, he joined the Tax Office in Santa Cruz de Tenerife.<\/p>\n<p>Jos\u00e9 Luis and Armando, after meeting in 1955 at the Tax Office in Santa Cruz de Tenerife, finally ended up at the Tax Office in Seville in 1963 and 1967, respectively.<\/p>\n<p>After almost two decades in the civil service, the reunion of the two friends in Seville led them to consider applying for leave of absence, giving up the security and comforts provided by well-paid civil service positions, and founding a firm dedicated to legal and tax advice.<\/p>\n<p>And so, in December 1971, Jos\u00e9 Luis and Armando founded the firm that bears their surnames, a milestone that recently celebrated its fiftieth anniversary.<\/p>\n<p>After several years of sustained growth in terms of the number of professionals and areas of law covered, Montero-Aramburu experienced a significant quantitative leap with the incorporation, in the early 2000s, of its two offices in the Canary Islands: on the one hand, the office in Santa Cruz de Tenerife, through the acquisition of the firm owned by a former member,\u00a0<strong>Lorenzo Hern\u00e1ndez P\u00e9rez<\/strong>; on the other, the Las Palmas de Gran Canaria office, through the integration of the firm headed by\u00a0<strong>Enrique Montero G\u00f3mez,\u00a0<\/strong>Jos\u00e9 Luis&#8217;s brother.<\/p>\n<p>Given that these are the main historical background factors of Montero-Aramburu, which essentially define its philosophy, its current structure cannot be understood without mentioning the most important event in its history, in terms of scale and relevance: the incorporation of the G\u00f3mez-Villares Atencia (GVA) firm, another long-standing and prestigious Malaga-based firm, through a transaction completed in 2024 after three years of collaboration, which has given rise to the firm MONTERO ARAMBURU &amp; GOMEZ-VILLARES ATENCIA that exists today.<\/p>\n<p>The history of GVA began in 1953, when\u00a0<strong>Manuel Atencia Garc\u00eda\u00a0<\/strong>(M\u00e1laga, 1925-2005) founded what would become one of the most established law firms in M\u00e1laga. In the 1980s, it welcomed the second generation of a family that had always been involved in M\u00e1laga society, consolidating a collective firm with prestige and a loyal clientele.<\/p>\n<p>For his part,\u00a0<strong>Ram\u00f3n G\u00f3mez-Villares\u00a0<\/strong>(M\u00e1laga 1948) founded a sole proprietorship in 1974 with a stable client base. In 1996, with the incorporation of his son Santiago, a period of growth began that led the firm to merge with the firm of Carlos \u00c1lvarez and open offices in Marbella, Torre del Mar, J\u00e1vea and Madrid.<\/p>\n<p>Finally, in 2011, the two family firms merged to create GOMEZ-VILLARES ATENCIA, a leading law firm in M\u00e1laga and its areas of influence.<\/p>\n<p>The integration of GVA gave rise to the current\u00a0<strong>MONTERO ARAMBURU &amp; GOMEZ-VILLARES ATENCIA<\/strong>, the happy result of the union of two organisations of different sizes but with similar trajectories and values, recognised prestige and devotion to excellence, with a direct presence in a significant part of the national territory and comprehensive coverage of their clients&#8217; needs.<\/p>\n<\/div>\r                        <\/div>\r                        <a class=\"ctaSpecial blue btnLoadMore\">\r                            <span class=\"text\">READ MORE<\/span>\r                            <span class=\"arrow\"><\/span>\r                        <\/a>\r                    <\/div>\r                <\/div>\r            <\/div>\r        <\/div>\r    <\/div>\r    <input type=\"hidden\" class=\"btnLeerMasText\" value=\"READ MORE\">\r    <input type=\"hidden\" class=\"btnLeerMenosText\" value=\"READ LESS\">\r<\/div>\n\n\r\r<div id=\"TabsAcordeon-block_04460bcfda605f43fd8270a1c681433e\" class=\"TabsAcordeon\">\r    <div class=\"container\">\r        <div class=\"row\">\r            <div class=\"col-12\">\r                <div class=\"topCont\">\r                    <div class=\"itemTitulo\"><p>Organizational structure<\/p>\n<\/div>\r                                    <\/div>\r                <div class=\"itemBackground\">\r                                            <div class=\"tabsBox\">\r                            <div class=\"acordeon leftColumn\" style=\"background-color:#D5D5D3\">\r                                <div class=\"containerData\">\r                                                                            <div class=\"contTabs\">\r                                            <div class=\"itemTabTitulo\" style=\"background-color:#D5D5D3\" data-tab=\"0\">\r                                                <div class=\"dataTitulo\">\r                                                    <span><p>Professional organization<\/p>\n<\/span>\r                                                <\/div>\r                                            <\/div>\r                                            <div class=\"tabContentMobile\" style=\"background-color:#e2e2e0\">\r                                                <div class=\"itemTab\" data-tab=\"0\">\r                                                                                                                                                                                                                                                                        <div class=\"boxAcordeon\">\r                                                                                                                            <div class=\"itemAcordeon\">\r                                                                    <div class=\"contTitle\">\r                                                                        <div class=\"itemTitulo\"><p>HONORARY PRESIDENCY<\/p>\n<\/div>\r                                                                    <\/div>\r                                                                    <div class=\"acordeonTexto\">\r                                                                        <div class=\"itemTexto\"><ul>\n<li>Alfredo \u00c1lvarez Tello<\/li>\n<li>Ram\u00f3n G\u00f3mez Villares<\/li>\n<\/ul>\n<\/div>\r                                                                    <\/div>\r                                                                <\/div>\r                                                                                                                            <div class=\"itemAcordeon\">\r                                                                    <div class=\"contTitle\">\r                                                                        <div class=\"itemTitulo\"><p>MANAGING PARTNERS<\/p>\n<\/div>\r                                                                    <\/div>\r                                                                    <div class=\"acordeonTexto\">\r                                                                        <div class=\"itemTexto\"><ul>\n<li>Leonardo Neri Fern\u00e1ndez<\/li>\n<li>Javier Valdecantos Lora-Tamayo<\/li>\n<\/ul>\n<\/div>\r                                                                    <\/div>\r                                                                <\/div>\r                                                                                                                            <div class=\"itemAcordeon\">\r                                                                    <div class=\"contTitle\">\r                                                                        <div class=\"itemTitulo\"><p>PARTNERSHIP BOARD<\/p>\n<\/div>\r                                                                    <\/div>\r                                                                    <div class=\"acordeonTexto\">\r                                                                        <div class=\"itemTexto\"><ul>\n<li>Leonardo Neri Fern\u00e1ndez<\/li>\n<li>Javier Valdecantos Lora-Tamayo<\/li>\n<li>Ignacio Albendea Sol\u00eds<\/li>\n<li>Javier Ortega Trujillo<\/li>\n<li>Juan Luis Lorenzo V\u00e1zquez<\/li>\n<li>Jos\u00e9 Alberto Mor\u00edn Arvelo<\/li>\n<li>Rafael Casado Gonz\u00e1lez<\/li>\n<li>Encarnaci\u00f3n Molino Barrero<\/li>\n<li>M\u00aa Teresa Cerezo Mont\u00e1\u00f1ez<\/li>\n<li>Ignacio Sellers Feria<\/li>\n<li>Soledad Fern\u00e1ndez Reyes<\/li>\n<li>Miguel Cuesta Boothman<\/li>\n<li>Pablo Atencia Robledo<\/li>\n<li>In\u00e9s Atencia Robledo<\/li>\n<li>Nicol\u00e1s G\u00f3mez-Villares P\u00e9rez-Mu\u00f1oz<\/li>\n<li>Ram\u00f3n G\u00f3mez-Villares P\u00e9rez-Mu\u00f1oz<\/li>\n<li>Santiago G\u00f3mez-Villares P\u00e9rez-Mu\u00f1oz<\/li>\n<li>Andr\u00e9s Reina Agero<\/li>\n<li>Agust\u00edn Le\u00f3n Gonz\u00e1lez<\/li>\n<li>Jos\u00e9 Minero Mac\u00edas<\/li>\n<\/ul>\n<\/div>\r                                                                    <\/div>\r                                                                <\/div>\r                                                                                                                            <div class=\"itemAcordeon\">\r                                                                    <div class=\"contTitle\">\r                                                                        <div class=\"itemTitulo\"><p>PROFESSIONAL PARTNERS<\/p>\n<\/div>\r                                                                    <\/div>\r                                                                    <div class=\"acordeonTexto\">\r                                                                        <div class=\"itemTexto\"><ul>\n<li>Fernando Manuel Toledo Bermejo<\/li>\n<li>Mar\u00eda Mart\u00ednez-Avial Guerra<\/li>\n<li>Rosa Elena Mart\u00ednez D\u00edaz<\/li>\n<li>M\u00aa Jos\u00e9 Cabezas Urbano<\/li>\n<li>Patricia Le\u00f3n Gonz\u00e1lez<\/li>\n<li>Luis C\u00e1novas Santos<\/li>\n<li>Felipe Fern\u00e1ndez-Sacrist\u00e1n Garrido<\/li>\n<li>Ana Beatriz Gamero D\u00edaz de Lope<\/li>\n<li>Jos\u00e9 Blanco Ar\u00f3stegui<\/li>\n<li>Pablo Amores Osuna<\/li>\n<li>Irene Amosa Vargas-Machuca<\/li>\n<li>Inmaculada Atencia Robledo<\/li>\n<li>Manuel Atencia Robledo<\/li>\n<li>Joaqu\u00edn G\u00f3mez-Villares P\u00e9rez-Mu\u00f1oz<\/li>\n<li>Alejandro Hern\u00e1ndez Del Castillo<\/li>\n<li>Jos\u00e9 Javier Polo Rodr\u00edguez<\/li>\n<li>David Posadas \u00c1lvarez<\/li>\n<li>Jos\u00e9 Eduardo Ruiz Mart\u00edn<\/li>\n<\/ul>\n<\/div>\r                                                                    <\/div>\r                                                                <\/div>\r                                                                                                                            <div class=\"itemAcordeon\">\r                                                                    <div class=\"contTitle\">\r                                                                        <div class=\"itemTitulo\"><p>HONORARY PARTNERS<\/p>\n<\/div>\r                                                                    <\/div>\r                                                                    <div class=\"acordeonTexto\">\r                                                                        <div class=\"itemTexto\"><ul>\n<li>Lorenzo Hern\u00e1ndez<\/li>\n<li>Rafael Linares Morales<\/li>\n<li>Manuel Clavero Ternero<\/li>\n<li>Enrique Montero G\u00f3mez<\/li>\n<li>Armando Fern\u00e1ndez-Aramburu Hepburn<\/li>\n<\/ul>\n<\/div>\r                                                                    <\/div>\r                                                                <\/div>\r                                                                                                                    <\/div>\r                                                                                                                                                        <\/div>\r                                            <\/div>\r                                        <\/div>\r                                                                            <div class=\"contTabs\">\r                                            <div class=\"itemTabTitulo\" style=\"background-color:#D5D5D3\" data-tab=\"1\">\r                                                <div class=\"dataTitulo\">\r                                                    <span><p>Academic council<\/p>\n<\/span>\r                                                <\/div>\r                                            <\/div>\r                                            <div class=\"tabContentMobile\" style=\"background-color:#e2e2e0\">\r                                                <div class=\"itemTab\" data-tab=\"1\">\r                                                                                                                                                                                                                                                                        <div class=\"boxAcordeon\">\r                                                                                                                            <div class=\"itemAcordeon\">\r                                                                    <div class=\"contTitle\">\r                                                                        <div class=\"itemTitulo\"><p>ADVISORS<\/p>\n<\/div>\r                                                                    <\/div>\r                                                                    <div class=\"acordeonTexto\">\r                                                                        <div class=\"itemTexto\"><ul>\n<li>Antonio Ojeda Escobar<\/li>\n<li>Carlos Palao Taboada<\/li>\n<li>Eduardo Gamero Casado<\/li>\n<li>F. Alfredo Garc\u00eda Prats<\/li>\n<li>Rafael Fern\u00e1ndez Valverde<\/li>\n<\/ul>\n<\/div>\r                                                                    <\/div>\r                                                                <\/div>\r                                                                                                                    <\/div>\r                                                                                                                                                        <\/div>\r                                            <\/div>\r                                        <\/div>\r                                                                            <div class=\"contTabs\">\r                                            <div class=\"itemTabTitulo\" style=\"background-color:#D5D5D3\" data-tab=\"2\">\r                                                <div class=\"dataTitulo\">\r                                                    <span><p>Corporate services<\/p>\n<\/span>\r                                                <\/div>\r                                            <\/div>\r                                            <div class=\"tabContentMobile\" style=\"background-color:#e2e2e0\">\r                                                <div class=\"itemTab\" data-tab=\"2\">\r                                                                                                                                                                                                                                                                        <div class=\"boxAcordeon\">\r                                                                                                                            <div class=\"itemAcordeon\">\r                                                                    <div class=\"contTitle\">\r                                                                        <div class=\"itemTitulo\"><p>MANAGEMENT<\/p>\n<\/div>\r                                                                    <\/div>\r                                                                    <div class=\"acordeonTexto\">\r                                                                        <div class=\"itemTexto\"><ul>\n<li>Manuel Fern\u00e1ndez Leal<\/li>\n<\/ul>\n<\/div>\r                                                                    <\/div>\r                                                                <\/div>\r                                                                                                                            <div class=\"itemAcordeon\">\r                                                                    <div class=\"contTitle\">\r                                                                        <div class=\"itemTitulo\"><p>INSTITUTIONAL RELATIONS AND BRANDING DEPARTMENT MANAGEMENT<\/p>\n<\/div>\r                                                                    <\/div>\r                                                                    <div class=\"acordeonTexto\">\r                                                                        <div class=\"itemTexto\"><ul>\n<li>Consuelo Rodr\u00edguez Torn\u00e9<\/li>\n<\/ul>\n<\/div>\r                                                                    <\/div>\r                                                                <\/div>\r                                                                                                                            <div class=\"itemAcordeon\">\r                                                                    <div class=\"contTitle\">\r                                                                        <div class=\"itemTitulo\"><p>FINANCE DEPARTMENT MANAGEMENT<\/p>\n<\/div>\r                                                                    <\/div>\r                                                                    <div class=\"acordeonTexto\">\r                                                                        <div class=\"itemTexto\"><ul>\n<li>Javier Romo Caballero<\/li>\n<\/ul>\n<\/div>\r                                                                    <\/div>\r                                                                <\/div>\r                                                                                                                            <div class=\"itemAcordeon\">\r                                                                    <div class=\"contTitle\">\r                                                                        <div class=\"itemTitulo\"><p>INTERNAL PROCESSES AND BILLING DEPARTMENT MANAGEMENT<\/p>\n<\/div>\r                                                                    <\/div>\r                                                                    <div class=\"acordeonTexto\">\r                                                                        <div class=\"itemTexto\"><ul>\n<li>Cecilia Mart\u00ednez de Burgos<\/li>\n<li>F\u00e1tima Solanes Aguilar<\/li>\n<\/ul>\n<\/div>\r                                                                    <\/div>\r                                                                <\/div>\r                                                                                                                            <div class=\"itemAcordeon\">\r                                                                    <div class=\"contTitle\">\r                                                                        <div class=\"itemTitulo\"><p>INFORMATION TECHNOLOGY DEPARTMENT MANAGEMENT<\/p>\n<\/div>\r                                                                    <\/div>\r                                                                    <div class=\"acordeonTexto\">\r                                                                        <div class=\"itemTexto\"><ul>\n<li>Jos\u00e9 Francisco Gim\u00e9nez Albacete<\/li>\n<\/ul>\n<\/div>\r                                                                    <\/div>\r                                                                <\/div>\r                                                                                                                            <div class=\"itemAcordeon\">\r                                                                    <div class=\"contTitle\">\r                                                                        <div class=\"itemTitulo\"><p>DOCUMENT MANAGEMENT, ARCHIVE, AND LIBRARY DEPARTMENT MANAGEMENT<\/p>\n<\/div>\r                                                                    <\/div>\r                                                                    <div class=\"acordeonTexto\">\r                                                                        <div class=\"itemTexto\"><ul>\n<li>Cristina G\u00f3mez Viveros<\/li>\n<\/ul>\n<\/div>\r                                                                    <\/div>\r                                                                <\/div>\r                                                                                                                            <div class=\"itemAcordeon\">\r                                                                    <div class=\"contTitle\">\r                                                                        <div class=\"itemTitulo\"><p>HUMAN RESOURCES DEPARTMENT MANAGEMENT<\/p>\n<\/div>\r                                                                    <\/div>\r                                                                    <div class=\"acordeonTexto\">\r                                                                        <div class=\"itemTexto\"><ul>\n<li>Adela Carballido Sayago<\/li>\n<\/ul>\n<\/div>\r                                                                    <\/div>\r                                                                <\/div>\r                                                                                                                    <\/div>\r                                                                                                                                                        <\/div>\r                                            <\/div>\r                                        <\/div>\r                                                                    <\/div>\r                            <\/div>\r                            <div class=\"acordeon rightColumn desktop\" style=\"background-color:#e2e2e0\">\r                                                                    <div class=\"itemTab\" data-tab=\"0\">\r                                                                                \r                                                                                    <div class=\"boxAcordeonnoContexts\">\r                                                                                                    <div class=\"itemAcordeon\">\r                                                        <div class=\"contTitle\">\r                                                            <div class=\"itemTitulo\"><p>HONORARY PRESIDENCY<\/p>\n<\/div>\r                                                        <\/div>\r                                                        <div class=\"acordeonTexto\">\r                                                            <div class=\"itemTexto\"><ul>\n<li>Alfredo \u00c1lvarez Tello<\/li>\n<li>Ram\u00f3n G\u00f3mez Villares<\/li>\n<\/ul>\n<\/div>\r                                                        <\/div>\r                                                    <\/div>\r                                                                                                    <div class=\"itemAcordeon\">\r                                                        <div class=\"contTitle\">\r                                                            <div class=\"itemTitulo\"><p>MANAGING PARTNERS<\/p>\n<\/div>\r                                                        <\/div>\r                                                        <div class=\"acordeonTexto\">\r                                                            <div class=\"itemTexto\"><ul>\n<li>Leonardo Neri Fern\u00e1ndez<\/li>\n<li>Javier Valdecantos Lora-Tamayo<\/li>\n<\/ul>\n<\/div>\r                                                        <\/div>\r                                                    <\/div>\r                                                                                                    <div class=\"itemAcordeon\">\r                                                        <div class=\"contTitle\">\r                                                            <div class=\"itemTitulo\"><p>PARTNERSHIP BOARD<\/p>\n<\/div>\r                                                        <\/div>\r                                                        <div class=\"acordeonTexto\">\r                                                            <div class=\"itemTexto\"><ul>\n<li>Leonardo Neri Fern\u00e1ndez<\/li>\n<li>Javier Valdecantos Lora-Tamayo<\/li>\n<li>Ignacio Albendea Sol\u00eds<\/li>\n<li>Javier Ortega Trujillo<\/li>\n<li>Juan Luis Lorenzo V\u00e1zquez<\/li>\n<li>Jos\u00e9 Alberto Mor\u00edn Arvelo<\/li>\n<li>Rafael Casado Gonz\u00e1lez<\/li>\n<li>Encarnaci\u00f3n Molino Barrero<\/li>\n<li>M\u00aa Teresa Cerezo Mont\u00e1\u00f1ez<\/li>\n<li>Ignacio Sellers Feria<\/li>\n<li>Soledad Fern\u00e1ndez Reyes<\/li>\n<li>Miguel Cuesta Boothman<\/li>\n<li>Pablo Atencia Robledo<\/li>\n<li>In\u00e9s Atencia Robledo<\/li>\n<li>Nicol\u00e1s G\u00f3mez-Villares P\u00e9rez-Mu\u00f1oz<\/li>\n<li>Ram\u00f3n G\u00f3mez-Villares P\u00e9rez-Mu\u00f1oz<\/li>\n<li>Santiago G\u00f3mez-Villares P\u00e9rez-Mu\u00f1oz<\/li>\n<li>Andr\u00e9s Reina Agero<\/li>\n<li>Agust\u00edn Le\u00f3n Gonz\u00e1lez<\/li>\n<li>Jos\u00e9 Minero Mac\u00edas<\/li>\n<\/ul>\n<\/div>\r                                                        <\/div>\r                                                    <\/div>\r                                                                                                    <div class=\"itemAcordeon\">\r                                                        <div class=\"contTitle\">\r                                                            <div class=\"itemTitulo\"><p>PROFESSIONAL PARTNERS<\/p>\n<\/div>\r                                                        <\/div>\r                                                        <div class=\"acordeonTexto\">\r                                                            <div class=\"itemTexto\"><ul>\n<li>Fernando Manuel Toledo Bermejo<\/li>\n<li>Mar\u00eda Mart\u00ednez-Avial Guerra<\/li>\n<li>Rosa Elena Mart\u00ednez D\u00edaz<\/li>\n<li>M\u00aa Jos\u00e9 Cabezas Urbano<\/li>\n<li>Patricia Le\u00f3n Gonz\u00e1lez<\/li>\n<li>Luis C\u00e1novas Santos<\/li>\n<li>Felipe Fern\u00e1ndez-Sacrist\u00e1n Garrido<\/li>\n<li>Ana Beatriz Gamero D\u00edaz de Lope<\/li>\n<li>Jos\u00e9 Blanco Ar\u00f3stegui<\/li>\n<li>Pablo Amores Osuna<\/li>\n<li>Irene Amosa Vargas-Machuca<\/li>\n<li>Inmaculada Atencia Robledo<\/li>\n<li>Manuel Atencia Robledo<\/li>\n<li>Joaqu\u00edn G\u00f3mez-Villares P\u00e9rez-Mu\u00f1oz<\/li>\n<li>Alejandro Hern\u00e1ndez Del Castillo<\/li>\n<li>Jos\u00e9 Javier Polo Rodr\u00edguez<\/li>\n<li>David Posadas \u00c1lvarez<\/li>\n<li>Jos\u00e9 Eduardo Ruiz Mart\u00edn<\/li>\n<\/ul>\n<\/div>\r                                                        <\/div>\r                                                    <\/div>\r                                                                                                    <div class=\"itemAcordeon\">\r                                                        <div class=\"contTitle\">\r                                                            <div class=\"itemTitulo\"><p>HONORARY PARTNERS<\/p>\n<\/div>\r                                                        <\/div>\r                                                        <div class=\"acordeonTexto\">\r                                                            <div class=\"itemTexto\"><ul>\n<li>Lorenzo Hern\u00e1ndez<\/li>\n<li>Rafael Linares Morales<\/li>\n<li>Manuel Clavero Ternero<\/li>\n<li>Enrique Montero G\u00f3mez<\/li>\n<li>Armando Fern\u00e1ndez-Aramburu Hepburn<\/li>\n<\/ul>\n<\/div>\r                                                        <\/div>\r                                                    <\/div>\r                                                                                            <\/div>\r                                        \r                                                                            <\/div>\r                                                                    <div class=\"itemTab\" data-tab=\"1\">\r                                                                                \r                                                                                    <div class=\"boxAcordeonnoContexts\">\r                                                                                                    <div class=\"itemAcordeon\">\r                                                        <div class=\"contTitle\">\r                                                            <div class=\"itemTitulo\"><p>ADVISORS<\/p>\n<\/div>\r                                                        <\/div>\r                                                        <div class=\"acordeonTexto\">\r                                                            <div class=\"itemTexto\"><ul>\n<li>Antonio Ojeda Escobar<\/li>\n<li>Carlos Palao Taboada<\/li>\n<li>Eduardo Gamero Casado<\/li>\n<li>F. Alfredo Garc\u00eda Prats<\/li>\n<li>Rafael Fern\u00e1ndez Valverde<\/li>\n<\/ul>\n<\/div>\r                                                        <\/div>\r                                                    <\/div>\r                                                                                            <\/div>\r                                        \r                                                                            <\/div>\r                                                                    <div class=\"itemTab\" data-tab=\"2\">\r                                                                                \r                                                                                    <div class=\"boxAcordeonnoContexts\">\r                                                                                                    <div class=\"itemAcordeon\">\r                                                        <div class=\"contTitle\">\r                                                            <div class=\"itemTitulo\"><p>MANAGEMENT<\/p>\n<\/div>\r                                                        <\/div>\r                                                        <div class=\"acordeonTexto\">\r                                                            <div class=\"itemTexto\"><ul>\n<li>Manuel Fern\u00e1ndez Leal<\/li>\n<\/ul>\n<\/div>\r                                                        <\/div>\r                                                    <\/div>\r                                                                                                    <div class=\"itemAcordeon\">\r                                                        <div class=\"contTitle\">\r                                                            <div class=\"itemTitulo\"><p>INSTITUTIONAL RELATIONS AND BRANDING DEPARTMENT MANAGEMENT<\/p>\n<\/div>\r                                                        <\/div>\r                                                        <div class=\"acordeonTexto\">\r                                                            <div class=\"itemTexto\"><ul>\n<li>Consuelo Rodr\u00edguez Torn\u00e9<\/li>\n<\/ul>\n<\/div>\r                                                        <\/div>\r                                                    <\/div>\r                                                                                                    <div class=\"itemAcordeon\">\r                                                        <div class=\"contTitle\">\r                                                            <div class=\"itemTitulo\"><p>FINANCE DEPARTMENT MANAGEMENT<\/p>\n<\/div>\r                                                        <\/div>\r                                                        <div class=\"acordeonTexto\">\r                                                            <div class=\"itemTexto\"><ul>\n<li>Javier Romo Caballero<\/li>\n<\/ul>\n<\/div>\r                                                        <\/div>\r                                                    <\/div>\r                                                                                                    <div class=\"itemAcordeon\">\r                                                        <div class=\"contTitle\">\r                                                            <div class=\"itemTitulo\"><p>INTERNAL PROCESSES AND BILLING DEPARTMENT MANAGEMENT<\/p>\n<\/div>\r                                                        <\/div>\r                                                        <div class=\"acordeonTexto\">\r                                                            <div class=\"itemTexto\"><ul>\n<li>Cecilia Mart\u00ednez de Burgos<\/li>\n<li>F\u00e1tima Solanes Aguilar<\/li>\n<\/ul>\n<\/div>\r                                                        <\/div>\r                                                    <\/div>\r                                                                                                    <div class=\"itemAcordeon\">\r                                                        <div class=\"contTitle\">\r                                                            <div class=\"itemTitulo\"><p>INFORMATION TECHNOLOGY DEPARTMENT MANAGEMENT<\/p>\n<\/div>\r                                                        <\/div>\r                                                        <div class=\"acordeonTexto\">\r                                                            <div class=\"itemTexto\"><ul>\n<li>Jos\u00e9 Francisco Gim\u00e9nez Albacete<\/li>\n<\/ul>\n<\/div>\r                                                        <\/div>\r                                                    <\/div>\r                                                                                                    <div class=\"itemAcordeon\">\r                                                        <div class=\"contTitle\">\r                                                            <div class=\"itemTitulo\"><p>DOCUMENT MANAGEMENT, ARCHIVE, AND LIBRARY DEPARTMENT MANAGEMENT<\/p>\n<\/div>\r                                                        <\/div>\r                                                        <div class=\"acordeonTexto\">\r                                                            <div class=\"itemTexto\"><ul>\n<li>Cristina G\u00f3mez Viveros<\/li>\n<\/ul>\n<\/div>\r                                                        <\/div>\r                                                    <\/div>\r                                                                                                    <div class=\"itemAcordeon\">\r                                                        <div class=\"contTitle\">\r                                                            <div class=\"itemTitulo\"><p>HUMAN RESOURCES DEPARTMENT MANAGEMENT<\/p>\n<\/div>\r                                                        <\/div>\r                                                        <div class=\"acordeonTexto\">\r                                                            <div class=\"itemTexto\"><ul>\n<li>Adela Carballido Sayago<\/li>\n<\/ul>\n<\/div>\r                                                        <\/div>\r                                                    <\/div>\r                                                                                            <\/div>\r                                        \r                                                                            <\/div>\r                                                            <\/div>\r                        <\/div>\r                                    <\/div>\r            <\/div>\r        <\/div>\r    <\/div>\r<\/div>\r\n\n\r\r<div id=\"SideImageText-block_63aeb4a13c2e4e2e79ff6180a25c32a8\" class=\"SideImageText\">\r    <div class=\"container\">\r        <div class=\"row\">\r            <div class=\"col-12\">\r                <div class=\"upCont\">\r                    <h3 class=\"itemPreTitulo\"><p>Letter from Armando Fern\u00e1ndez-Aramburu Le\u00f3n, founding partner of Montero Aramburu<\/p>\n<\/h3>\r                    <h2 class=\"itemTitulo\"><p>A history of Montero Aramburu<\/p>\n<\/h2>\r                <\/div>\r                <div class=\"downCont\">\r                                                                        <div class=\"columnLeft imagenDesktop\">\r                                <img decoding=\"async\" src=\"https:\/\/www.monteroaramburugva.com\/wp-content\/uploads\/2025\/06\/img-1.png\" alt=\"img (1)\">\r                            <\/div>\r                                                                <div class=\"columnRight\">\r                        <div class=\"wrapperTexto\">\r                            <div class=\"itemTexto\"><p>It\u00b4s said that when a man thinks more about the past than he does about the future, he starts to get old. In keeping with this opinion, I would say that having to give an historic outline of the Montero|Aramburu practice, to focus my thoughts on memories of the past would mean I am getting old, albeit slowly. But this is not the case, because he who gives an account of something, does so not because he is uninterested in the future, but because an interpretation of any snippet from the past immediately occupies his thoughts, however recent, however important or significant. I am, of course, getting older, but because of the passage of time, not because I recount the history of an office founded in late 1971 by my partner \u2013 unfortunately now deceased \u2013 Jos\u00e9 Luis Montero G\u00f3mez (Salamanca, 1928) and myself, Armando Fern\u00e1ndez-Ar\u00e1mburu Le\u00f3n (Seville, 1926).<\/p>\n<p>I must start by saying that the story of our office is the story of our own lives because, in hindsight, with a breadth of view and historical perspective, one could say that our even pre-dates its own founding (to reiterate, at the end of 1971). So, we could say that the period of time before the firm\u00b4s inception could be considered its \u201cpre-history,\u201d because the legal matters we dealt with as practising lawyers were exactly the same as those we had been handling for 18 years as Inspectors at the Administration del Estado (State Administration) \u2013Jos\u00e9 Luis as a Certified Tax Inspector and I as a Commissioner of the Inland Revenue. That is how we both continued to work, as we had always done, the only change being the recipient of our services: the Tax Administration initially, followed by private clientele. In other words, the flip side of the legal-tax relationship. But, who could consider that earlier period unconnected and independent from the latter, being established practising lawyers?<\/p>\n<p><em> From the outset, our firm has been defined by its affection and humanity in dealing with clients.<\/em><\/p>\n<p>Indeed, before and after the leave of absence, we worked diligently in the pursuit of legal truth, which, in our case, resulted in tax justice. I never ordered or issued an inspection report without being certain the law was on my side. I could cite witnesses who would be able to attest to the many occasions when I delivered a written opinion to the company under inspection, containing the legal points upon which I had based my decision to act, having waited for the taxpayer\u2019s response before taking action.<\/p>\n<p>Our work in the next phase continued, essentially that of a serious and honourable nature, based on written reports. We knew that those reports circulated throughout the market, but we feared neither critiques nor underhanded competition, although the documents could have had errors of approach or discrepancies because legal truth is elusive, as is scientific or any other kind of truth.<\/p>\n<p>Our approach often informed the tax behaviour of many clients. I remember there was an important businessman who left the office because he said that, in his meetings with the other businessmen of his guild, he was the only one paying taxes. We did not try to stop him because we were uninterested in that mentality.<\/p>\n<p>As a rule, we always sought to show the same interest in high-profile clients as we did in our lower-income ones; to treat them all with the same respect, and to give as much importance to problems with a high monetary value as to the more financially-modest issues that were brought to us. I remember we once appealed an unjust fine of 2,000 pesetas for a client, unfazed that it was not a huge amount. We paid the fine and later won the appeal, though it was the client who received the 2,000 pesetas repaid by the Administration.<\/p>\n<p>Since the beginning, our office has been characterised by the affection and humanity with which we treat our clients and that has often made it difficult to break with any party. This warm treatment, this personal interaction with the client, is still of the utmost importance and is the first thing we instil in the young professionals who join our firm. I remember one day I humorously replied, in rhyme, to a letter we received from a very elderly client (who has now, regretfully, passed away) who also acted impeccably in his dealings; a letter in which he very politely complained that our fees seemed high. Our dealings with him were so cordial, given the great respect we had for him, as perfectly evidenced by the fact that we responded to him in verse, a lark that he accepted with the class and dignity that defined him.<\/p>\n<p>All of those who make up our office deserve special mention: the partners, lawyers and administrative staff, some of whom have been with us a long time and who, with their training, conduct and work ethic, have contributed to cementing the firm\u2019s reputation.<\/p>\n<p>As is the case with History, the story of a law firm is not the sum of the activities or events that mark out its profile. However, by delving into the evolution that has occurred from the outset, we must highlight a milestone that could be considered historic. For us, it was around 1992, when we came to the conclusion that we would not be able to grow if we did not expand the range of legal specialities that we could competently cover. The purpose of this growth was not to generate more clientele, nor was it to earn more money, but simply to offer clients a comprehensive range of services that would enable them to resolve any kind of legal problem without having to look elsewhere. This task was achieved thanks to the dynamism and work ethic of the current corporate body, which managed to make that growth compatible with the crest of human responsibility and quality that it has always borne with distinction and that is the emblem of our group.<\/p>\n<p>Montero|Aramburu remains one big family, and this is what gives both Jos\u00e9 Luis Montero and I the greatest sense of pride, because we can see within the group the mark that we wanted to leave, nothing more and nothing less.<\/p>\n<p>Seville, March 2004<\/p>\n<\/div>\r                        <\/div>\r                        <a class=\"ctaSpecial blue btnLoadMore\">\r                            <span class=\"text\">READ MORE<\/span>\r                            <span class=\"arrow\"><\/span>\r                        <\/a>\r                    <\/div>\r                <\/div>\r            <\/div>\r        <\/div>\r    <\/div>\r    <input type=\"hidden\" class=\"btnLeerMasText\" value=\"READ MORE\">\r    <input type=\"hidden\" class=\"btnLeerMenosText\" value=\"READ LESS\">\r<\/div>\n\n\r<div id=\"Oficinas-block_5c58c96a1325caca6b9501e350cbb7cd\" class=\"Oficinas\">\r    <div class=\"container\">\r        <div class=\"row\">\r            <div class=\"col-12\">\r                <div class=\"columnTop\">\r                    <div class=\"itemTitle\"><p>Our offices<\/p>\n<\/div>\r                <\/div>\r            <\/div>\r        <\/div>\r    <\/div>\r    <div class=\"columnBottom\">\r        <div class=\"sliderBox\">\r            <div class=\"container-lg-fluid px-4  px-lg-0\">\r                <div class=\"swiper swiperOffice swiper-container\">\r                    <div class=\"swiper-wrapper \">\r                        <div class=\"swiper-slide\"><div class=\"contImg\"><img loading=\"lazy\" decoding=\"async\" width=\"640\" height=\"427\" src=\"https:\/\/www.monteroaramburugva.com\/wp-content\/uploads\/2025\/06\/Madrid-1024x683.jpg\" class=\"attachment-large size-large wp-post-image\" alt=\"Madrid\" srcset=\"https:\/\/www.monteroaramburugva.com\/wp-content\/uploads\/2025\/06\/Madrid-1024x683.jpg 1024w, https:\/\/www.monteroaramburugva.com\/wp-content\/uploads\/2025\/06\/Madrid-300x200.jpg 300w, https:\/\/www.monteroaramburugva.com\/wp-content\/uploads\/2025\/06\/Madrid-768x512.jpg 768w, https:\/\/www.monteroaramburugva.com\/wp-content\/uploads\/2025\/06\/Madrid-1536x1024.jpg 1536w, https:\/\/www.monteroaramburugva.com\/wp-content\/uploads\/2025\/06\/Madrid-2048x1365.jpg 2048w\" sizes=\"auto, (max-width: 640px) 100vw, 640px\" \/><\/div><div class=\"slide-content\"><div class=\"itemTitle\">Madrid<\/div><div class=\"contContact\"><a href=\"tel:+34 910 327 693\" class=\"itemTelefono\">+34 910 327 693<\/a><a href=\"email:info.madrid@monteroaramburugva.com\" class=\"itemMail itemTelefono\">info.madrid@monteroaramburugva.com<\/a><a style=\"cursor: default;\" class=\"itemMail itemTelefono\">Calle del Poeta Joan Maragall 1, planta 17\u00aa<\/a><a style=\"cursor: default;\" class=\"itemMail\">28020 Madrid<\/a><\/div><\/div><\/div><div class=\"swiper-slide\"><div class=\"contImg\"><img loading=\"lazy\" decoding=\"async\" width=\"640\" height=\"427\" src=\"https:\/\/www.monteroaramburugva.com\/wp-content\/uploads\/2025\/06\/Sevilla-1024x683.jpg\" class=\"attachment-large size-large wp-post-image\" alt=\"Sevilla\" srcset=\"https:\/\/www.monteroaramburugva.com\/wp-content\/uploads\/2025\/06\/Sevilla-1024x683.jpg 1024w, https:\/\/www.monteroaramburugva.com\/wp-content\/uploads\/2025\/06\/Sevilla-300x200.jpg 300w, https:\/\/www.monteroaramburugva.com\/wp-content\/uploads\/2025\/06\/Sevilla-768x512.jpg 768w, https:\/\/www.monteroaramburugva.com\/wp-content\/uploads\/2025\/06\/Sevilla-1536x1024.jpg 1536w, https:\/\/www.monteroaramburugva.com\/wp-content\/uploads\/2025\/06\/Sevilla-2048x1365.jpg 2048w\" sizes=\"auto, (max-width: 640px) 100vw, 640px\" \/><\/div><div class=\"slide-content\"><div class=\"itemTitle\">Sevilla<\/div><div class=\"contContact\"><a href=\"tel:+34 954 991 266\" class=\"itemTelefono\">+34 954 991 266<\/a><a href=\"email:info.sevilla@monteroaramburugva.com\" class=\"itemMail itemTelefono\">info.sevilla@monteroaramburugva.com<\/a><a style=\"cursor: default;\" class=\"itemMail itemTelefono\">Rep\u00fablica Argentina 24, planta 13<\/a><a style=\"cursor: default;\" class=\"itemMail\">41011 Sevilla<\/a><\/div><\/div><\/div><div class=\"swiper-slide\"><div class=\"contImg\"><img loading=\"lazy\" decoding=\"async\" width=\"640\" height=\"427\" src=\"https:\/\/www.monteroaramburugva.com\/wp-content\/uploads\/2025\/06\/DSC_0536-1024x683.jpg\" class=\"attachment-large size-large wp-post-image\" alt=\"DSC_0536\" srcset=\"https:\/\/www.monteroaramburugva.com\/wp-content\/uploads\/2025\/06\/DSC_0536-1024x683.jpg 1024w, https:\/\/www.monteroaramburugva.com\/wp-content\/uploads\/2025\/06\/DSC_0536-300x200.jpg 300w, https:\/\/www.monteroaramburugva.com\/wp-content\/uploads\/2025\/06\/DSC_0536-768x512.jpg 768w, https:\/\/www.monteroaramburugva.com\/wp-content\/uploads\/2025\/06\/DSC_0536-1536x1024.jpg 1536w, https:\/\/www.monteroaramburugva.com\/wp-content\/uploads\/2025\/06\/DSC_0536-2048x1365.jpg 2048w\" sizes=\"auto, (max-width: 640px) 100vw, 640px\" \/><\/div><div class=\"slide-content\"><div class=\"itemTitle\">Santa Cruz de Tenerife<\/div><div class=\"contContact\"><a href=\"tel:+34 922 290 051\" class=\"itemTelefono\">+34 922 290 051<\/a><a href=\"email:info.tenerife@monteroaramburugva.com\" class=\"itemMail itemTelefono\">info.tenerife@monteroaramburugva.com<\/a><a style=\"cursor: default;\" class=\"itemMail itemTelefono\">C\/ Antonio Dom\u00ednguez Alfonso 18-20 (C\/La Noria)<\/a><a style=\"cursor: default;\" class=\"itemMail\">38003 Santa Cruz de Tenerife<\/a><\/div><\/div><\/div><div class=\"swiper-slide\"><div class=\"contImg\"><img loading=\"lazy\" decoding=\"async\" width=\"640\" height=\"282\" src=\"https:\/\/www.monteroaramburugva.com\/wp-content\/uploads\/2025\/06\/image001-2.png\" class=\"attachment-large size-large wp-post-image\" alt=\"image001 (2)\" srcset=\"https:\/\/www.monteroaramburugva.com\/wp-content\/uploads\/2025\/06\/image001-2.png 986w, https:\/\/www.monteroaramburugva.com\/wp-content\/uploads\/2025\/06\/image001-2-300x132.png 300w, https:\/\/www.monteroaramburugva.com\/wp-content\/uploads\/2025\/06\/image001-2-768x339.png 768w\" sizes=\"auto, (max-width: 640px) 100vw, 640px\" \/><\/div><div class=\"slide-content\"><div class=\"itemTitle\">M\u00e1laga<\/div><div class=\"contContact\"><a href=\"tel:+ 34 951 553 244\" class=\"itemTelefono\">+ 34 951 553 244<\/a><a href=\"email:malaga@monteroaramburugva.com\" class=\"itemMail itemTelefono\">malaga@monteroaramburugva.com<\/a><a style=\"cursor: default;\" class=\"itemMail itemTelefono\">C\/ C\u00f3rdoba 9<\/a><a style=\"cursor: default;\" class=\"itemMail\">29001 M\u00e1laga <\/a><\/div><\/div><\/div><div class=\"swiper-slide\"><div class=\"contImg\"><img loading=\"lazy\" decoding=\"async\" width=\"640\" height=\"420\" src=\"https:\/\/www.monteroaramburugva.com\/wp-content\/uploads\/2025\/06\/image001-3.png\" class=\"attachment-large size-large wp-post-image\" alt=\"image001 (3)\" srcset=\"https:\/\/www.monteroaramburugva.com\/wp-content\/uploads\/2025\/06\/image001-3.png 656w, https:\/\/www.monteroaramburugva.com\/wp-content\/uploads\/2025\/06\/image001-3-300x197.png 300w\" sizes=\"auto, (max-width: 640px) 100vw, 640px\" \/><\/div><div class=\"slide-content\"><div class=\"itemTitle\">Las Palmas de Gran Canaria<\/div><div class=\"contContact\"><a href=\"tel:+34 928 370 699\" class=\"itemTelefono\">+34 928 370 699<\/a><a href=\"email:info.laspalmas@monteroaramburugva.com\" class=\"itemMail itemTelefono\">info.laspalmas@monteroaramburugva.com<\/a><a style=\"cursor: default;\" class=\"itemMail itemTelefono\">C\/ Benito P\u00e9rez Gald\u00f3s, 26<\/a><a style=\"cursor: default;\" class=\"itemMail\">35002 Las Palmas de G.C.<\/a><\/div><\/div><\/div><div class=\"swiper-slide\"><div class=\"contImg\"><img loading=\"lazy\" decoding=\"async\" width=\"618\" height=\"279\" src=\"https:\/\/www.monteroaramburugva.com\/wp-content\/uploads\/2025\/06\/image001.png\" class=\"attachment-large size-large wp-post-image\" alt=\"image001\" srcset=\"https:\/\/www.monteroaramburugva.com\/wp-content\/uploads\/2025\/06\/image001.png 618w, https:\/\/www.monteroaramburugva.com\/wp-content\/uploads\/2025\/06\/image001-300x135.png 300w\" sizes=\"auto, (max-width: 618px) 100vw, 618px\" \/><\/div><div class=\"slide-content\"><div class=\"itemTitle\">Marbella<\/div><div class=\"contContact\"><a href=\"tel:+34 952 857 719\" class=\"itemTelefono\">+34 952 857 719<\/a><a href=\"email:marbella@monteroaramburugva.com\" class=\"itemMail itemTelefono\">marbella@monteroaramburugva.com<\/a><a style=\"cursor: default;\" class=\"itemMail itemTelefono\">C\/ San Juan Bosco 2, 8\u00aa planta<\/a><a style=\"cursor: default;\" class=\"itemMail\">29600 Marbella (M\u00e1laga)<\/a><\/div><\/div><\/div><div class=\"swiper-slide\"><div class=\"contImg\"><img loading=\"lazy\" decoding=\"async\" width=\"640\" height=\"427\" src=\"https:\/\/www.monteroaramburugva.com\/wp-content\/uploads\/2025\/06\/Cordoba-1024x683.jpg\" class=\"attachment-large size-large wp-post-image\" alt=\"Co\u0301rdoba\" srcset=\"https:\/\/www.monteroaramburugva.com\/wp-content\/uploads\/2025\/06\/Cordoba-1024x683.jpg 1024w, https:\/\/www.monteroaramburugva.com\/wp-content\/uploads\/2025\/06\/Cordoba-300x200.jpg 300w, https:\/\/www.monteroaramburugva.com\/wp-content\/uploads\/2025\/06\/Cordoba-768x512.jpg 768w, https:\/\/www.monteroaramburugva.com\/wp-content\/uploads\/2025\/06\/Cordoba-1536x1024.jpg 1536w, https:\/\/www.monteroaramburugva.com\/wp-content\/uploads\/2025\/06\/Cordoba-2048x1365.jpg 2048w\" sizes=\"auto, (max-width: 640px) 100vw, 640px\" \/><\/div><div class=\"slide-content\"><div class=\"itemTitle\">C\u00f3rdoba<\/div><div class=\"contContact\"><a href=\"tel:+34 957 767 255\" class=\"itemTelefono\">+34 957 767 255<\/a><a href=\"email:info.huelva@monteroaramburugva.com\" class=\"itemMail itemTelefono\">info.huelva@monteroaramburugva.com<\/a><a style=\"cursor: default;\" class=\"itemMail itemTelefono\">Avda. Gran Capit\u00e1n, 23 2\u00aa planta, oficina. 4<\/a><a style=\"cursor: default;\" class=\"itemMail\">14008 C\u00f3rdoba<\/a><\/div><\/div><\/div><div class=\"swiper-slide\"><div class=\"contImg\"><img loading=\"lazy\" decoding=\"async\" width=\"640\" height=\"426\" src=\"https:\/\/www.monteroaramburugva.com\/wp-content\/uploads\/2025\/06\/Huelva-1-1024x682.jpg\" class=\"attachment-large size-large wp-post-image\" alt=\"Huelva\" srcset=\"https:\/\/www.monteroaramburugva.com\/wp-content\/uploads\/2025\/06\/Huelva-1-1024x682.jpg 1024w, https:\/\/www.monteroaramburugva.com\/wp-content\/uploads\/2025\/06\/Huelva-1-300x200.jpg 300w, https:\/\/www.monteroaramburugva.com\/wp-content\/uploads\/2025\/06\/Huelva-1-768x512.jpg 768w, https:\/\/www.monteroaramburugva.com\/wp-content\/uploads\/2025\/06\/Huelva-1-1536x1024.jpg 1536w, https:\/\/www.monteroaramburugva.com\/wp-content\/uploads\/2025\/06\/Huelva-1-2048x1365.jpg 2048w\" sizes=\"auto, (max-width: 640px) 100vw, 640px\" \/><\/div><div class=\"slide-content\"><div class=\"itemTitle\">Huelva<\/div><div class=\"contContact\"><a href=\"tel:+34 959 816 883\" class=\"itemTelefono\">+34 959 816 883<\/a><a href=\"email:info.huelva@monteroaramburugva.com\" class=\"itemMail itemTelefono\">info.huelva@monteroaramburugva.com<\/a><a style=\"cursor: default;\" class=\"itemMail itemTelefono\">Avda. Mart\u00edn Alonso Pinz\u00f3n, 15 Edificio Parque Am\u00e9rica, entreplanta 6-7<\/a><a style=\"cursor: default;\" class=\"itemMail\">21003 Huelva<\/a><\/div><\/div><\/div><div class=\"swiper-slide\"><div class=\"contImg\"><img loading=\"lazy\" decoding=\"async\" width=\"494\" height=\"262\" src=\"https:\/\/www.monteroaramburugva.com\/wp-content\/uploads\/2025\/06\/M_A_01-10.jpg\" class=\"attachment-large size-large wp-post-image\" alt=\"M_A_01 (10)\" srcset=\"https:\/\/www.monteroaramburugva.com\/wp-content\/uploads\/2025\/06\/M_A_01-10.jpg 494w, https:\/\/www.monteroaramburugva.com\/wp-content\/uploads\/2025\/06\/M_A_01-10-300x159.jpg 300w\" sizes=\"auto, (max-width: 494px) 100vw, 494px\" \/><\/div><div class=\"slide-content\"><div class=\"itemTitle\">Torre del Mar<\/div><div class=\"contContact\"><a href=\"tel:+34 952 547 133\" class=\"itemTelefono\">+34 952 547 133<\/a><a href=\"email:torredelmar@monteroaramburugva.com\" class=\"itemMail itemTelefono\">torredelmar@monteroaramburugva.com<\/a><a style=\"cursor: default;\" class=\"itemMail itemTelefono\">Avenida de Andaluc\u00eda 105, 4\u00aa planta B<\/a><a style=\"cursor: default;\" class=\"itemMail\">29740 Torre del Mar (M\u00e1laga)<\/a><\/div><\/div><\/div>                    <\/div>\r                <\/div>\r            <\/div>\r            <div class=\"container\">\r                <div class=\"row\">\r                    <div class=\"col-12\">\r                        <div class=\"btnSwipper\">\r                            <div class=\"arrow swiper-button-next\"><\/div>\r                            <div class=\"line\"><\/div>\r                            <div class=\"arrow swiper-button-prev\"><\/div>\r                        <\/div>\r                    <\/div>\r                <\/div>\r            <\/div>\r        <\/div>\r    <\/div>\r<\/div>\r","protected":false},"excerpt":{"rendered":"","protected":false},"author":2,"featured_media":1769,"parent":0,"menu_order":0,"comment_status":"closed","ping_status":"closed","template":"","meta":{"_acf_changed":false,"footnotes":""},"class_list":["post-1951","page","type-page","status-publish","has-post-thumbnail","hentry"],"acf":[],"yoast_head":"<!-- This site is optimized with the Yoast SEO plugin v27.4 - https:\/\/yoast.com\/product\/yoast-seo-wordpress\/ -->\n<title>Legal excellence with strong values - Montero Aramburu<\/title>\n<meta name=\"description\" content=\"A trusted law firm with 9 offices, 272 lawyers, and a human, honest, and expert approach to guiding key legal decisions for businesses and individuals.\" \/>\n<meta name=\"robots\" content=\"index, follow, max-snippet:-1, max-image-preview:large, max-video-preview:-1\" \/>\n<link rel=\"canonical\" href=\"https:\/\/www.monteroaramburugva.com\/en\/the-firm\/\" \/>\n<meta property=\"og:locale\" content=\"en_US\" \/>\n<meta property=\"og:type\" content=\"article\" \/>\n<meta property=\"og:title\" content=\"Legal excellence with strong values - Montero Aramburu\" \/>\n<meta property=\"og:description\" content=\"A trusted law firm with 9 offices, 272 lawyers, and a human, honest, and expert approach to guiding key legal decisions for businesses and individuals.\" \/>\n<meta property=\"og:url\" content=\"https:\/\/www.monteroaramburugva.com\/en\/the-firm\/\" \/>\n<meta property=\"og:site_name\" content=\"Montero Aramburu &amp; GVA\" \/>\n<meta property=\"article:modified_time\" content=\"2026-01-30T14:36:43+00:00\" \/>\n<meta property=\"og:image\" content=\"https:\/\/www.monteroaramburugva.com\/wp-content\/uploads\/2025\/03\/5b53ad37e71dc4d3465c1f3aeb0041af219bf3e5-1-1024x774.png\" \/>\n\t<meta property=\"og:image:width\" content=\"1024\" \/>\n\t<meta property=\"og:image:height\" content=\"774\" \/>\n\t<meta property=\"og:image:type\" content=\"image\/png\" \/>\n<meta name=\"twitter:card\" content=\"summary_large_image\" \/>\n<meta name=\"twitter:label1\" content=\"Est. reading time\" \/>\n\t<meta name=\"twitter:data1\" content=\"1 minute\" \/>\n<script type=\"application\/ld+json\" class=\"yoast-schema-graph\">{\"@context\":\"https:\\\/\\\/schema.org\",\"@graph\":[{\"@type\":\"WebPage\",\"@id\":\"https:\\\/\\\/www.monteroaramburugva.com\\\/en\\\/the-firm\\\/\",\"url\":\"https:\\\/\\\/www.monteroaramburugva.com\\\/en\\\/the-firm\\\/\",\"name\":\"Legal excellence with strong values - Montero Aramburu\",\"isPartOf\":{\"@id\":\"https:\\\/\\\/www.monteroaramburugva.com\\\/en\\\/#website\"},\"primaryImageOfPage\":{\"@id\":\"https:\\\/\\\/www.monteroaramburugva.com\\\/en\\\/the-firm\\\/#primaryimage\"},\"image\":{\"@id\":\"https:\\\/\\\/www.monteroaramburugva.com\\\/en\\\/the-firm\\\/#primaryimage\"},\"thumbnailUrl\":\"https:\\\/\\\/www.monteroaramburugva.com\\\/wp-content\\\/uploads\\\/2025\\\/03\\\/5b53ad37e71dc4d3465c1f3aeb0041af219bf3e5-1.png\",\"datePublished\":\"2025-03-10T14:40:36+00:00\",\"dateModified\":\"2026-01-30T14:36:43+00:00\",\"description\":\"A trusted law firm with 9 offices, 272 lawyers, and a human, honest, and expert approach to guiding key legal decisions for businesses and individuals.\",\"breadcrumb\":{\"@id\":\"https:\\\/\\\/www.monteroaramburugva.com\\\/en\\\/the-firm\\\/#breadcrumb\"},\"inLanguage\":\"en-US\",\"potentialAction\":[{\"@type\":\"ReadAction\",\"target\":[\"https:\\\/\\\/www.monteroaramburugva.com\\\/en\\\/the-firm\\\/\"]}]},{\"@type\":\"ImageObject\",\"inLanguage\":\"en-US\",\"@id\":\"https:\\\/\\\/www.monteroaramburugva.com\\\/en\\\/the-firm\\\/#primaryimage\",\"url\":\"https:\\\/\\\/www.monteroaramburugva.com\\\/wp-content\\\/uploads\\\/2025\\\/03\\\/5b53ad37e71dc4d3465c1f3aeb0041af219bf3e5-1.png\",\"contentUrl\":\"https:\\\/\\\/www.monteroaramburugva.com\\\/wp-content\\\/uploads\\\/2025\\\/03\\\/5b53ad37e71dc4d3465c1f3aeb0041af219bf3e5-1.png\",\"width\":1884,\"height\":1424},{\"@type\":\"BreadcrumbList\",\"@id\":\"https:\\\/\\\/www.monteroaramburugva.com\\\/en\\\/the-firm\\\/#breadcrumb\",\"itemListElement\":[{\"@type\":\"ListItem\",\"position\":1,\"name\":\"Portada\",\"item\":\"https:\\\/\\\/www.monteroaramburugva.com\\\/en\\\/\"},{\"@type\":\"ListItem\",\"position\":2,\"name\":\"THE FIRM\"}]},{\"@type\":\"WebSite\",\"@id\":\"https:\\\/\\\/www.monteroaramburugva.com\\\/en\\\/#website\",\"url\":\"https:\\\/\\\/www.monteroaramburugva.com\\\/en\\\/\",\"name\":\"Montero Aramburu &amp; GVA\",\"description\":\"Montero Aramburu &amp; G\u00f3mez-Villares Atencia ofrece asesoramiento legal especializado en diferentes \u00e1reas del derecho empresarial y corporativo\",\"publisher\":{\"@id\":\"https:\\\/\\\/www.monteroaramburugva.com\\\/en\\\/#organization\"},\"potentialAction\":[{\"@type\":\"SearchAction\",\"target\":{\"@type\":\"EntryPoint\",\"urlTemplate\":\"https:\\\/\\\/www.monteroaramburugva.com\\\/en\\\/?s={search_term_string}\"},\"query-input\":{\"@type\":\"PropertyValueSpecification\",\"valueRequired\":true,\"valueName\":\"search_term_string\"}}],\"inLanguage\":\"en-US\"},{\"@type\":\"Organization\",\"@id\":\"https:\\\/\\\/www.monteroaramburugva.com\\\/en\\\/#organization\",\"name\":\"Montero Aramburu &amp; GVA\",\"url\":\"https:\\\/\\\/www.monteroaramburugva.com\\\/en\\\/\",\"logo\":{\"@type\":\"ImageObject\",\"inLanguage\":\"en-US\",\"@id\":\"https:\\\/\\\/www.monteroaramburugva.com\\\/en\\\/#\\\/schema\\\/logo\\\/image\\\/\",\"url\":\"https:\\\/\\\/www.monteroaramburugva.com\\\/wp-content\\\/uploads\\\/2025\\\/03\\\/Logo.svg\",\"contentUrl\":\"https:\\\/\\\/www.monteroaramburugva.com\\\/wp-content\\\/uploads\\\/2025\\\/03\\\/Logo.svg\",\"width\":155,\"height\":65,\"caption\":\"Montero Aramburu &amp; GVA\"},\"image\":{\"@id\":\"https:\\\/\\\/www.monteroaramburugva.com\\\/en\\\/#\\\/schema\\\/logo\\\/image\\\/\"}}]}<\/script>\n<!-- \/ Yoast SEO plugin. -->","yoast_head_json":{"title":"Legal excellence with strong values - Montero Aramburu","description":"A trusted law firm with 9 offices, 272 lawyers, and a human, honest, and expert approach to guiding key legal decisions for businesses and individuals.","robots":{"index":"index","follow":"follow","max-snippet":"max-snippet:-1","max-image-preview":"max-image-preview:large","max-video-preview":"max-video-preview:-1"},"canonical":"https:\/\/www.monteroaramburugva.com\/en\/the-firm\/","og_locale":"en_US","og_type":"article","og_title":"Legal excellence with strong values - Montero Aramburu","og_description":"A trusted law firm with 9 offices, 272 lawyers, and a human, honest, and expert approach to guiding key legal decisions for businesses and individuals.","og_url":"https:\/\/www.monteroaramburugva.com\/en\/the-firm\/","og_site_name":"Montero Aramburu &amp; GVA","article_modified_time":"2026-01-30T14:36:43+00:00","og_image":[{"width":1024,"height":774,"url":"https:\/\/www.monteroaramburugva.com\/wp-content\/uploads\/2025\/03\/5b53ad37e71dc4d3465c1f3aeb0041af219bf3e5-1-1024x774.png","type":"image\/png"}],"twitter_card":"summary_large_image","twitter_misc":{"Est. reading time":"1 minute"},"schema":{"@context":"https:\/\/schema.org","@graph":[{"@type":"WebPage","@id":"https:\/\/www.monteroaramburugva.com\/en\/the-firm\/","url":"https:\/\/www.monteroaramburugva.com\/en\/the-firm\/","name":"Legal excellence with strong values - Montero Aramburu","isPartOf":{"@id":"https:\/\/www.monteroaramburugva.com\/en\/#website"},"primaryImageOfPage":{"@id":"https:\/\/www.monteroaramburugva.com\/en\/the-firm\/#primaryimage"},"image":{"@id":"https:\/\/www.monteroaramburugva.com\/en\/the-firm\/#primaryimage"},"thumbnailUrl":"https:\/\/www.monteroaramburugva.com\/wp-content\/uploads\/2025\/03\/5b53ad37e71dc4d3465c1f3aeb0041af219bf3e5-1.png","datePublished":"2025-03-10T14:40:36+00:00","dateModified":"2026-01-30T14:36:43+00:00","description":"A trusted law firm with 9 offices, 272 lawyers, and a human, honest, and expert approach to guiding key legal decisions for businesses and individuals.","breadcrumb":{"@id":"https:\/\/www.monteroaramburugva.com\/en\/the-firm\/#breadcrumb"},"inLanguage":"en-US","potentialAction":[{"@type":"ReadAction","target":["https:\/\/www.monteroaramburugva.com\/en\/the-firm\/"]}]},{"@type":"ImageObject","inLanguage":"en-US","@id":"https:\/\/www.monteroaramburugva.com\/en\/the-firm\/#primaryimage","url":"https:\/\/www.monteroaramburugva.com\/wp-content\/uploads\/2025\/03\/5b53ad37e71dc4d3465c1f3aeb0041af219bf3e5-1.png","contentUrl":"https:\/\/www.monteroaramburugva.com\/wp-content\/uploads\/2025\/03\/5b53ad37e71dc4d3465c1f3aeb0041af219bf3e5-1.png","width":1884,"height":1424},{"@type":"BreadcrumbList","@id":"https:\/\/www.monteroaramburugva.com\/en\/the-firm\/#breadcrumb","itemListElement":[{"@type":"ListItem","position":1,"name":"Portada","item":"https:\/\/www.monteroaramburugva.com\/en\/"},{"@type":"ListItem","position":2,"name":"THE FIRM"}]},{"@type":"WebSite","@id":"https:\/\/www.monteroaramburugva.com\/en\/#website","url":"https:\/\/www.monteroaramburugva.com\/en\/","name":"Montero Aramburu &amp; GVA","description":"Montero Aramburu &amp; G\u00f3mez-Villares Atencia ofrece asesoramiento legal especializado en diferentes \u00e1reas del derecho empresarial y corporativo","publisher":{"@id":"https:\/\/www.monteroaramburugva.com\/en\/#organization"},"potentialAction":[{"@type":"SearchAction","target":{"@type":"EntryPoint","urlTemplate":"https:\/\/www.monteroaramburugva.com\/en\/?s={search_term_string}"},"query-input":{"@type":"PropertyValueSpecification","valueRequired":true,"valueName":"search_term_string"}}],"inLanguage":"en-US"},{"@type":"Organization","@id":"https:\/\/www.monteroaramburugva.com\/en\/#organization","name":"Montero Aramburu &amp; GVA","url":"https:\/\/www.monteroaramburugva.com\/en\/","logo":{"@type":"ImageObject","inLanguage":"en-US","@id":"https:\/\/www.monteroaramburugva.com\/en\/#\/schema\/logo\/image\/","url":"https:\/\/www.monteroaramburugva.com\/wp-content\/uploads\/2025\/03\/Logo.svg","contentUrl":"https:\/\/www.monteroaramburugva.com\/wp-content\/uploads\/2025\/03\/Logo.svg","width":155,"height":65,"caption":"Montero Aramburu &amp; GVA"},"image":{"@id":"https:\/\/www.monteroaramburugva.com\/en\/#\/schema\/logo\/image\/"}}]}},"_links":{"self":[{"href":"https:\/\/www.monteroaramburugva.com\/en\/wp-json\/wp\/v2\/pages\/1951","targetHints":{"allow":["GET"]}}],"collection":[{"href":"https:\/\/www.monteroaramburugva.com\/en\/wp-json\/wp\/v2\/pages"}],"about":[{"href":"https:\/\/www.monteroaramburugva.com\/en\/wp-json\/wp\/v2\/types\/page"}],"author":[{"embeddable":true,"href":"https:\/\/www.monteroaramburugva.com\/en\/wp-json\/wp\/v2\/users\/2"}],"replies":[{"embeddable":true,"href":"https:\/\/www.monteroaramburugva.com\/en\/wp-json\/wp\/v2\/comments?post=1951"}],"version-history":[{"count":0,"href":"https:\/\/www.monteroaramburugva.com\/en\/wp-json\/wp\/v2\/pages\/1951\/revisions"}],"wp:featuredmedia":[{"embeddable":true,"href":"https:\/\/www.monteroaramburugva.com\/en\/wp-json\/wp\/v2\/media\/1769"}],"wp:attachment":[{"href":"https:\/\/www.monteroaramburugva.com\/en\/wp-json\/wp\/v2\/media?parent=1951"}],"curies":[{"name":"wp","href":"https:\/\/api.w.org\/{rel}","templated":true}]}}